{"id":1357,"date":"2026-04-02T10:11:44","date_gmt":"2026-04-02T10:11:44","guid":{"rendered":"https:\/\/pensiuneacasamaria.ro\/hotel\/hotel-onix-2\/"},"modified":"2026-04-02T10:11:44","modified_gmt":"2026-04-02T10:11:44","slug":"hotel-onix","status":"publish","type":"business","link":"https:\/\/pensiuneacasamaria.ro\/hu\/hotel\/hotel-onix\/","title":{"rendered":"Hotel Onix"},"content":{"rendered":"<p>A romani Hotel Onix a hagyom\u00e1ny \u00e9s a m\u00e9rs\u00e9kelt k\u00e9nyelem \u00e9rdekes kombin\u00e1ci\u00f3j\u00e1t k\u00edn\u00e1lja, de az \u00e9lm\u00e9ny jelent\u0151sen v\u00e1ltozhat a vend\u00e9gek elv\u00e1r\u00e1sait\u00f3l \u00e9s a helysz\u00edni esem\u00e9nyekt\u0151l f\u00fcgg\u0151en. Ebben a sz\u00e1llodakezel\u0151 c\u00e9g vezet\u0151s\u00e9ge sz\u00e1m\u00e1ra \u00edrt \u00e9rt\u00e9kel\u00e9sben bemutatjuk mind a pozit\u00edvumokat, mind a korl\u00e1tokat, az els\u0151dleges forr\u00e1sokban \u00e9s a legfrissebb nyilv\u00e1nos \u00e9rt\u00e9kel\u00e9sekben tal\u00e1lhat\u00f3 r\u00e9szletek alapj\u00e1n.<\/p>\n<h2> A helysz\u00edn \u00e1ltal\u00e1nos le\u00edr\u00e1sa<\/h2>\n<p> A Hotel Onix a Neam\u021b megyei Romanban, a Strada \u0218tefan cel Mare 276. sz\u00e1m alatt tal\u00e1lhat\u00f3, ahonnan k\u00f6nnyen megk\u00f6zel\u00edthet\u0151 a v\u00e1rosk\u00f6zpont. A helysz\u00edn els\u0151sorban a sz\u00e1ll\u00e1sra \u00e9s az \u00e9ttermi szolg\u00e1ltat\u00e1sokra \u00f6sszpontos\u00edt, \u00e9s helyi tal\u00e1lkoz\u00f3k \u00e9s rendezv\u00e9nyek sz\u00e1m\u00e1ra ide\u00e1lis helysz\u00ednk\u00e9nt \u00edrj\u00e1k le, de a nyilv\u00e1nos v\u00e9lem\u00e9nyek szerint a nagyobb rendezv\u00e9nyek, p\u00e9ld\u00e1ul esk\u00fcv\u0151k szervez\u00e9se kih\u00edv\u00e1sokkal j\u00e1r.<\/p>\n<h2> Ami j\u00f3l m\u0171k\u00f6dik<\/h2>\n<ul>\n<li> <b>Megk\u00f6zel\u00edthet\u0151s\u00e9g \u00e9s \u00f6sszek\u00f6ttet\u00e9s<\/b> \u2013 a v\u00e1ros k\u00f6zponti r\u00e9sz\u00e9n val\u00f3 elhelyezked\u00e9s megk\u00f6nny\u00edti a helyi vend\u00e9gek \u00e9s l\u00e1togat\u00f3k sz\u00e1m\u00e1ra a hozz\u00e1f\u00e9r\u00e9st, \u00e9s a v\u00e9lem\u00e9nyek megeml\u00edtik, hogy a sz\u00e1ll\u00e1slehet\u0151s\u00e9gek elfogadhat\u00f3 \u00e1ron el\u00e9rhet\u0151k r\u00f6vid tart\u00f3zkod\u00e1sra vagy helyi rendezv\u00e9nyekre.<\/li>\n<li> <b>Helysz\u00edni \u00e9tterem<\/b> \u2013 a komplexumon bel\u00fcli \u00e9tterem \u00e9rt\u00e9ket k\u00e9pvisel a vend\u00e9gek sz\u00e1m\u00e1ra, k\u00fcl\u00f6n\u00f6sen a rendezv\u00e9nyeken r\u00e9szt vev\u0151 csoportok vagy a helysz\u00ednen el\u00e9rhet\u0151 teljes k\u00f6r\u0171 szolg\u00e1ltat\u00e1sok ig\u00e9nybev\u00e9tel\u00e9re v\u00e1gy\u00f3 vend\u00e9gek sz\u00e1m\u00e1ra.<\/li>\n<li> <b>Pozit\u00edv v\u00e9lem\u00e9nyek a recepci\u00f3 professzionalizmus\u00e1r\u00f3l<\/b> \u2013 n\u00e9h\u00e1ny vend\u00e9g nagyra \u00e9rt\u00e9kelte a recepci\u00f3s szem\u00e9lyzet kedvess\u00e9g\u00e9t \u00e9s vend\u00e9gszeretet\u00e9t, ami j\u00f3 alapot jelent a k\u00e9nyelmes utaz\u00e1si \u00e9lm\u00e9nyhez vagy a bar\u00e1ts\u00e1gos fogadtat\u00e1shoz.<\/li>\n<li> <b>\u00c1ltal\u00e1nos sz\u00e1llodai szolg\u00e1ltat\u00e1sok bizonyos esetekben<\/b> \u2013 egyes \u00e9rt\u00e9kel\u00e9sekben a szob\u00e1kat k\u00e9nyelmesnek \u00e9s tiszt\u00e1nak \u00edrj\u00e1k le, olyan felszerelts\u00e9ggel, mint a wifi \u00e9s a hasonl\u00f3 kateg\u00f3ri\u00e1j\u00fa sz\u00e1llod\u00e1kban megszokott opci\u00f3k.<\/li>\n<\/ul>\n<h2> Potenci\u00e1lisan probl\u00e9m\u00e1s szempontok<\/h2>\n<ul>\n<li> <b>Rendezv\u00e9nyszervez\u00e9s<\/b> \u2013 sz\u00e1mos negat\u00edv \u00e9rt\u00e9kel\u00e9s jelent\u0151s k\u00e9s\u00e9sekr\u0151l sz\u00e1mol be esk\u00fcv\u0151k vagy nagyobb rendezv\u00e9nyek eset\u00e9n, ami hat\u00e1ssal van a tervez\u00e9sre \u00e9s a vend\u00e9gek el\u00e9gedetts\u00e9g\u00e9re. Ez a vezet\u0151s\u00e9g sz\u00e1m\u00e1ra f\u00f3kuszpont lehet a m\u0171k\u00f6d\u00e9si folyamatok fejleszt\u00e9se \u00e9rdek\u00e9ben.<\/li>\n<li> <b>A szem\u00e9lyzet professzionalizmusa mag\u00e1nrendezv\u00e9nyek kapcs\u00e1n<\/b> \u2013 a pinc\u00e9rek, a f\u0151pinc\u00e9r \u00e9s m\u00e1s csapatok k\u00f6z\u00f6tti koordin\u00e1ci\u00f3 hi\u00e1ny\u00e1r\u00f3l sz\u00f3l\u00f3 besz\u00e1mol\u00f3k befoly\u00e1solhatj\u00e1k a szolg\u00e1ltat\u00e1s meg\u00edt\u00e9l\u00e9s\u00e9t nagy csoportok vagy mag\u00e1nrendezv\u00e9nyek eset\u00e9n, ami a munkafolyamatok \u00fajrakalibr\u00e1l\u00e1s\u00e1t teszi sz\u00fcks\u00e9gess\u00e9.<\/li>\n<li> <b>Folytonoss\u00e1gi probl\u00e9m\u00e1k a k\u00eds\u00e9r\u0151k vagy vend\u00e9gek elsz\u00e1ll\u00e1sol\u00e1s\u00e1val kapcsolatban<\/b> \u2013 egyes esetek a vend\u00e9gek nem megfelel\u0151 elsz\u00e1ll\u00e1sol\u00e1s\u00e1ra vagy nem megfelel\u0151 beoszt\u00e1s\u00e1ra utalnak, ami vesz\u00e9lyeztetheti az esem\u00e9ny \u00f6sszk\u00e9p\u00e9t, \u00e9s szigor\u00fabb visszaigazol\u00e1si szab\u00e1lyzatot \u00e9s egy\u00e9rtelm\u0171 bels\u0151 kommunik\u00e1ci\u00f3t ig\u00e9nyelhet.<\/li>\n<li> <b>Az \u00e9ttermi kiszolg\u00e1l\u00e1s min\u0151s\u00e9ge rendezv\u00e9nyek alatt<\/b> \u2013 az \u00e9teleket egyes esetekben megfelel\u0151nek \u00edrt\u00e1k le, de a k\u00e9sei vagy a fog\u00e1sok k\u00f6z\u00f6tti elt\u00e9r\u00e9sek befoly\u00e1solhatj\u00e1k az \u00e1r-\u00e9rt\u00e9k ar\u00e1ny \u00e1ltal\u00e1nos meg\u00edt\u00e9l\u00e9s\u00e9t.<\/li>\n<\/ul>\n<h2> \u00dcgyf\u00e9lv\u00e9lem\u00e9ny: mit mutatnak nek\u00fcnk a nyilv\u00e1nos v\u00e9lem\u00e9nyek?<\/h2>\n<p> A nyilv\u00e1nos v\u00e9lem\u00e9nyek a tapasztalatok sz\u00e9les sk\u00e1l\u00e1j\u00e1t t\u00fckr\u00f6zik, a k\u00e9nyelemmel \u00e9s a bar\u00e1ts\u00e1gos szem\u00e9lyzettel kapcsolatos nagyon pozit\u00edv v\u00e9lem\u00e9nyekt\u0151l kezdve a rendezv\u00e9nyszervez\u00e9s gyenges\u00e9g\u00e9re vonatkoz\u00f3 egy\u00e9rtelm\u0171 figyelmeztet\u00e9sekig. M\u00edg egyes vend\u00e9gek a szolg\u00e1ltat\u00e1s el\u00e9rhet\u0151s\u00e9g\u00e9t \u00e9s min\u0151s\u00e9g\u00e9t emelik ki, m\u00e1sok hangs\u00falyozz\u00e1k, hogy rendezv\u00e9nyeiket a szervez\u00e9s \u00e9s a kommunik\u00e1ci\u00f3 vesz\u00e9lyeztette. Fontos ezt a soksz\u00edn\u0171s\u00e9get figyelembe venni a sz\u00e1lloda nagyszab\u00e1s\u00fa rendezv\u00e9nyek lebonyol\u00edt\u00e1s\u00e1ra val\u00f3 k\u00e9pess\u00e9g\u00e9nek \u00e9rt\u00e9kel\u00e9sekor, \u00e9s szigor\u00fabb m\u0171k\u00f6d\u00e9si szabv\u00e1nyokat bevezetni a hasonl\u00f3 helyzetek megel\u0151z\u00e9se \u00e9rdek\u00e9ben a j\u00f6v\u0151ben.<\/p>\n<h2> C\u00e9lzott \u00fcgyf\u00e9lprofil<\/h2>\n<p> A Hotel Onix egy helyi szegment\u00e1ci\u00f3ra \u00e9p\u00edt, amely azokat a vend\u00e9geket c\u00e9lozza meg, akik ugyanazon a helyen keresnek sz\u00e1ll\u00e1st \u00e9s \u00e9ttermi szolg\u00e1ltat\u00e1sokat, valamint rendezv\u00e9nyeket, p\u00e9ld\u00e1ul esk\u00fcv\u0151ket, keresztel\u0151ket vagy c\u00e9ges tal\u00e1lkoz\u00f3kat szerveznek. A v\u00e9lem\u00e9nyek alapj\u00e1n a vend\u00e9gek lehetnek mind a pihentet\u0151 tart\u00f3zkod\u00e1sra v\u00e1gy\u00f3k, mind a k\u00f6z\u00f6ss\u00e9gi esem\u00e9nyeken r\u00e9szt vev\u0151 tagok. Kereskedelmi c\u00e9lokra ez a kombin\u00e1ci\u00f3 v\u00e1ltoz\u00f3 bev\u00e9teleket gener\u00e1lhat, de a szabv\u00e1nyok szabv\u00e1nyos\u00edt\u00e1s\u00e1t ig\u00e9nyli az egys\u00e9ges \u00e9lm\u00e9ny biztos\u00edt\u00e1sa \u00e9rdek\u00e9ben.<\/p>\n<h2> Fejleszt\u00e9si javaslatok<\/h2>\n<ul>\n<li> <b>Rendezv\u00e9nyek m\u0171k\u00f6d\u00e9si szabv\u00e1nyos\u00edt\u00e1sa<\/b> \u2013 az egy\u00e9rtelm\u0171 rendezv\u00e9nyszervez\u00e9si protokollok bevezet\u00e9se, kifejezetten meghat\u00e1rozott felel\u0151ss\u00e9gi k\u00f6r\u00f6kkel \u00e9s hat\u00e1rid\u0151kkel, cs\u00f6kkentheti a szolg\u00e1ltat\u00e1si k\u00e9sedelmeket \u00e9s hib\u00e1kat.<\/li>\n<li> <b>Folyamatos szem\u00e9lyzeti k\u00e9pz\u00e9s nagyszab\u00e1s\u00fa rendezv\u00e9nyek eset\u00e9n<\/b> \u2013 a koordin\u00e1ci\u00f3ra, a hat\u00e9kony kommunik\u00e1ci\u00f3ra \u00e9s a vend\u00e9gek elv\u00e1r\u00e1sainak kezel\u00e9s\u00e9re \u00f6sszpontos\u00edt\u00f3 k\u00e9pz\u00e9si programok jelent\u0151sen n\u00f6velhetik az \u00fcgyfelek el\u00e9gedetts\u00e9g\u00e9t.<\/li>\n<li> <b>Szobaeloszt\u00e1s-kezel\u00e9s<\/b> \u2013 egy robusztusabb szobaeloszt\u00e1s-kezel\u0151 rendszerrel elker\u00fclhet\u0151k az eloszt\u00e1si hib\u00e1k, \u00edgy biztos\u00edtva a vend\u00e9gek el\u00e9gedetts\u00e9g\u00e9t a tart\u00f3zkod\u00e1suk alatt.<\/li>\n<li> <b>\u00c1tl\u00e1that\u00f3s\u00e1g az \u00e9tlapon \u00e9s a felszolg\u00e1l\u00e1s sor\u00e1n<\/b> \u2013 a konyhai k\u00f6vetkezetess\u00e9g biztos\u00edt\u00e1sa \u00e9s a kisz\u00e1ll\u00edt\u00e1si id\u0151kr\u0151l sz\u00f3l\u00f3 egy\u00e9rtelm\u0171 kommunik\u00e1ci\u00f3 seg\u00edthet abban, hogy a rendezv\u00e9nyek jelent\u0151s k\u00e9sedelmek n\u00e9lk\u00fcl lebonyoluljanak.<\/li>\n<\/ul>\n<h2> Objekt\u00edv k\u00f6vetkeztet\u00e9s<\/h2>\n<p> A Hotel Onix \u00e9letk\u00e9pes lehet\u0151s\u00e9geket k\u00edn\u00e1l a helyi \u00fcgyfelek \u00e9s rendezv\u00e9nyek sz\u00e1m\u00e1ra, strat\u00e9giai helyen Romanban. Ahhoz azonban, hogy biztons\u00e1gos v\u00e1laszt\u00e1sk\u00e9nt pozicion\u00e1lhassa mag\u00e1t nagyszab\u00e1s\u00fa rendezv\u00e9nyek lebonyol\u00edt\u00e1s\u00e1hoz, meg kell szil\u00e1rd\u00edtania a m\u0171k\u00f6d\u00e9si folyamatokat, ki kell k\u00e9peznie a szem\u00e9lyzetet a szolg\u00e1ltat\u00e1si folyamatok \u00e9s a kommunik\u00e1ci\u00f3 kezel\u00e9s\u00e9re, valamint olyan min\u0151s\u00e9gi szabv\u00e1nyokat kell bevezetnie, amelyek koherens \u00e9lm\u00e9nyt biztos\u00edtanak a bejelentkez\u00e9st\u0151l a rendezv\u00e9ny v\u00e9g\u00e9ig.<\/p>\n","protected":false},"excerpt":{"rendered":"<p>A Roman v\u00e1ros\u00e1ban tal\u00e1lhat\u00f3 Hotel Onix kiemelkedik k\u00f6zponti elhelyezked\u00e9s\u00e9vel \u00e9s saj\u00e1t \u00e9tterm\u00e9vel, de rendezv\u00e9nyszervez\u00e9s ter\u00e9n neh\u00e9zs\u00e9gei lehetnek; t\u00e1j\u00e9koz\u00f3djon a sz\u00e1ll\u00e1s- \u00e9s rendezv\u00e9nyszervez\u00e9si aj\u00e1nlatair\u00f3l \u00e9s lehet\u0151s\u00e9geir\u0151l, r\u00e9szletes \u00e9rt\u00e9kel\u00e9sekkel \u00e9s sz\u00fcks\u00e9ges fejleszt\u00e9sekkel.<\/p>\n","protected":false},"author":1,"featured_media":1282,"template":"","business-categories":[90,91],"business-locations":[384,475,495],"business-countries":[49],"business_franchises":[505],"class_list":["post-1357","business","type-business","status-publish","has-post-thumbnail","hentry","business_category-cazare","business_category-hotel","business_location-judetul-neamt","business_location-municipiu-roman","business_location-roman","business_country-ro","business_franchises-hotel-onix"],"_links":{"self":[{"href":"https:\/\/pensiuneacasamaria.ro\/hu\/wp-json\/wp\/v2\/businesses\/1357","targetHints":{"allow":["GET"]}}],"collection":[{"href":"https:\/\/pensiuneacasamaria.ro\/hu\/wp-json\/wp\/v2\/businesses"}],"about":[{"href":"https:\/\/pensiuneacasamaria.ro\/hu\/wp-json\/wp\/v2\/types\/business"}],"author":[{"embeddable":true,"href":"https:\/\/pensiuneacasamaria.ro\/hu\/wp-json\/wp\/v2\/users\/1"}],"version-history":[{"count":0,"href":"https:\/\/pensiuneacasamaria.ro\/hu\/wp-json\/wp\/v2\/businesses\/1357\/revisions"}],"wp:featuredmedia":[{"embeddable":true,"href":"https:\/\/pensiuneacasamaria.ro\/hu\/wp-json\/wp\/v2\/media\/1282"}],"wp:attachment":[{"href":"https:\/\/pensiuneacasamaria.ro\/hu\/wp-json\/wp\/v2\/media?parent=1357"}],"wp:term":[{"taxonomy":"business_category","embeddable":true,"href":"https:\/\/pensiuneacasamaria.ro\/hu\/wp-json\/wp\/v2\/business-categories?post=1357"},{"taxonomy":"business_location","embeddable":true,"href":"https:\/\/pensiuneacasamaria.ro\/hu\/wp-json\/wp\/v2\/business-locations?post=1357"},{"taxonomy":"business_country","embeddable":true,"href":"https:\/\/pensiuneacasamaria.ro\/hu\/wp-json\/wp\/v2\/business-countries?post=1357"},{"taxonomy":"business_franchises","embeddable":true,"href":"https:\/\/pensiuneacasamaria.ro\/hu\/wp-json\/wp\/v2\/business_franchises?post=1357"}],"curies":[{"name":"wp","href":"https:\/\/api.w.org\/{rel}","templated":true}]}}