{"id":169672,"date":"2026-04-02T20:45:20","date_gmt":"2026-04-02T20:45:20","guid":{"rendered":"https:\/\/pensiuneacasamaria.ro\/hotel\/trascau-sugarai\/"},"modified":"2026-04-02T20:45:20","modified_gmt":"2026-04-02T20:45:20","slug":"razele-trascaului","status":"publish","type":"business","link":"https:\/\/pensiuneacasamaria.ro\/hu\/hotel\/razele-trascaului\/","title":{"rendered":"Trascau sugarai"},"content":{"rendered":"<p>A Razele Trascauului egy sz\u00e1ll\u00e1so\u00e1zis R\u00e2me\u021b k\u00f6zs\u00e9g sz\u00edv\u00e9ben, a hegyek l\u00e1b\u00e1n\u00e1l, a DJ1071-es Transapuseana aut\u00f3p\u00e1lya k\u00f6zvetlen k\u00f6zel\u00e9ben, diszkr\u00e9t jelenl\u00e9tet k\u00edn\u00e1lva azok sz\u00e1m\u00e1ra, akik b\u00e9k\u00e9re \u00e9s a term\u00e9szettel val\u00f3 kapcsolatra v\u00e1gynak. Ebben az \u00e9rt\u00e9kel\u00e9sben elemezz\u00fck a helysz\u00edn er\u0151ss\u00e9geit \u00e9s kih\u00edv\u00e1sait, term\u00e9szetesen a megl\u00e9v\u0151 inform\u00e1ci\u00f3k \u00e9s a vend\u00e9gek helyi v\u00e9lem\u00e9nyei alapj\u00e1n, an\u00e9lk\u00fcl, hogy tagadn\u00e1nk a nyilv\u00e1nos \u00e9rt\u00e9kel\u00e9sekben azonos\u00edtott korl\u00e1tokat. Az er\u0151ss\u00e9gek k\u00f6z\u00e9 tartozik a panor\u00e1m\u00e1s elhelyezked\u00e9s, a helyek intimit\u00e1sa \u00e9s a rusztikus hangulat, amely eml\u00e9kezetes \u00e9lm\u00e9nny\u00e9 var\u00e1zsolhatja a tart\u00f3zkod\u00e1st a term\u00e9szet \u00e9s a t\u00far\u00e1z\u00e1s ir\u00e1nt \u00e9rdekl\u0151d\u0151 Feh\u00e9r megyei turist\u00e1k sz\u00e1m\u00e1ra. Ugyanakkor n\u00e9h\u00e1ny l\u00e1togat\u00f3i v\u00e9lem\u00e9ny olyan szempontokat is jelez, amelyek fejleszt\u00e9sre szorulnak, mint p\u00e9ld\u00e1ul a k\u00f6zm\u0171vekhez val\u00f3 csatlakoz\u00e1s vagy a hegyi nyaral\u00e1ssal szembeni modern elv\u00e1r\u00e1sokhoz k\u00e9pesti k\u00e9nyelem. Az al\u00e1bbiakban r\u00e9szletesen ismertetj\u00fck mind az el\u0151ny\u00f6ket, mind a fejleszt\u00e9si pontokat a potenci\u00e1lis \u00fcgyfelek sz\u00e1m\u00e1ra.<\/p>\n<h2> Mit k\u00edn\u00e1lnak a Trascau-i r\u00e1j\u00e1k?<\/h2>\n<ul>\n<li> <b>Kedvez\u0151 term\u00e9szeti k\u00f6rnyezet<\/b> : a hegyek \u00e9s hegyi \u00f6sv\u00e9nyek k\u00f6zels\u00e9ge l\u00e1tv\u00e1nyos t\u00e1jakat \u00e9s t\u00far\u00e1z\u00e1si, a helyi n\u00f6v\u00e9ny- \u00e9s \u00e1llatvil\u00e1g megfigyel\u00e9s\u00e9nek, valamint napfelkelte meg\u00f6r\u00f6k\u00edt\u00e9s\u00e9nek lehet\u0151s\u00e9geit \u00edg\u00e9ri. <strong>Raz\u0103 Trascauulii-t<\/strong> a term\u00e9szet k\u00f6zep\u00e9n tal\u00e1lhat\u00f3 kikapcsol\u00f3d\u00e1s mened\u00e9kek\u00e9nt \u00edrj\u00e1k le, panor\u00e1m\u00e1s kil\u00e1t\u00e1ssal \u00e9s b\u00e9k\u00e9s l\u00e9gk\u00f6rrel, amely ide\u00e1lis lehet elvonul\u00e1sokhoz \u00e9s csal\u00e1di nyaral\u00e1sokhoz.<\/li>\n<li> Az udvarban tal\u00e1lhat\u00f3 <b>A-v\u00e1zas fah\u00e1zak \u00e9s h\u00e1zik\u00f3k<\/b> , valamint egy k\u0151h\u00e1z sz\u00e1mos sz\u00e1ll\u00e1slehet\u0151s\u00e9get k\u00edn\u00e1lnak a k\u00e9nyelem \u00e9s a mag\u00e1n\u00e9let ir\u00e1nti k\u00fcl\u00f6nb\u00f6z\u0151 ig\u00e9nyek kiel\u00e9g\u00edt\u00e9s\u00e9re. A helyi v\u00e9lem\u00e9nyek szerint egy rusztikus \u00e9p\u00edtm\u00e9ny autentikus b\u00e1jjal rendelkezik, amely alkalmas a term\u00e9szetbeni kiruccan\u00e1sra.<\/li>\n<li> <b>Rusztikus hangulat \u00e9s k\u00fclt\u00e9ri szolg\u00e1ltat\u00e1sok<\/b> : a k\u00f6z\u00f6s k\u00fclt\u00e9ri f\u0151z\u0151helyek, grillez\u0151k, udvari \u00fcl\u0151helyek \u00e9s hangulatvil\u00e1g\u00edt\u00e1s haszn\u00e1lat\u00e1nak lehet\u0151s\u00e9ge eml\u00e9kezetes \u00e9lm\u00e9nyeket teremthet a szabadban t\u00f6lt\u00f6tt est\u00e9ken.<\/li>\n<\/ul>\n<h2> A vend\u00e9gek \u00e1ltal \u00e9rt\u00e9kelt pozit\u00edvumok<\/h2>\n<ul>\n<li> A l\u00e1togat\u00f3k pozit\u00edv visszajelz\u00e9sei a hely sz\u00e9ps\u00e9g\u00e9r\u0151l, a l\u00e1tv\u00e1nyos napfelkelt\u00e9kr\u0151l \u00e9s a m\u00e9ly nyugalomr\u00f3l sz\u00f3l\u00f3 megjegyz\u00e9sekkel, amelyek hozz\u00e1j\u00e1rulnak a felt\u00f6lt\u0151 \u00e9lm\u00e9nyhez.<\/li>\n<li> Tipikus fah\u00e1z t\u00edpus\u00fa sz\u00e1ll\u00e1shelyek a term\u00e9szetben, meghitt hangulattal, hegyi r\u00e9szletekkel, pihen\u00e9si lehet\u0151s\u00e9ggel \u00e9s a k\u00f6rnyezettel val\u00f3 kapcsolattal.<\/li>\n<li> Vegyes v\u00e9lem\u00e9nyek, k\u00f6zt\u00fck rendk\u00edv\u00fcl pozit\u00edvak a rusztikus hangulatr\u00f3l \u00e9s diz\u00e1jnr\u00f3l, arra utalnak, hogy a sz\u00e1ll\u00e1s st\u00edlusa kiel\u00e9g\u00edtheti az autentikuss\u00e1gra \u00e9s a nyugalomra v\u00e1gy\u00f3 turist\u00e1kat.<\/li>\n<\/ul>\n<h2> Kih\u00edv\u00e1sok \u00e9s fejlesztend\u0151 ter\u00fcletek<\/h2>\n<ul>\n<li> <b>Infrastrukt\u00fara \u00e9s szolg\u00e1ltat\u00e1sok<\/b> : Egyes \u00e9rt\u00e9kel\u00e9sek a meleg v\u00edz hi\u00e1ny\u00e1r\u00f3l vagy a f\u00fcrd\u0151szobai szerelv\u00e9nyekkel kapcsolatos technikai probl\u00e9m\u00e1kr\u00f3l sz\u00e1molnak be, amelyek befoly\u00e1solhatj\u00e1k a mindennapi k\u00e9nyelmet egy t\u00f6bb \u00e9jszak\u00e1s tart\u00f3zkod\u00e1s sor\u00e1n. Ezek a megfigyel\u00e9sek befoly\u00e1solhatj\u00e1k a modern k\u00e9nyelmet hangs\u00falyoz\u00f3 turist\u00e1k foglal\u00e1si d\u00f6nt\u00e9s\u00e9t.<\/li>\n<li> <b>Kapcsolat \u00e9s felszerel\u00e9s<\/b> : az internet t\u00e9rerej\u00e9nek vagy hi\u00e1ny\u00e1nak eml\u00edt\u00e9se bizonyos id\u0151pontokban elriaszthatja azokat a vend\u00e9geket, akiknek nyaral\u00e1suk alatt internetkapcsolatra van sz\u00fcks\u00e9g\u00fck, vagy azokat, akik t\u00e1vmunk\u00e1ban dolgoznak.<\/li>\n<li> <b>\u00c1r-\u00e9rt\u00e9k ar\u00e1ny<\/b> : Az \u00e9rt\u00e9kel\u00e9sekben szerepl\u0151 egyes megjegyz\u00e9sek r\u00e1vil\u00e1g\u00edthatnak az egy \u00e9jszaka \u00e1ra \u00e9s a ny\u00fajtott szolg\u00e1ltat\u00e1sok k\u00f6z\u00f6tti elt\u00e9r\u00e9sekre, k\u00fcl\u00f6n\u00f6sen az el\u00e9rhet\u0151 szolg\u00e1ltat\u00e1sok tekintet\u00e9ben, ami befoly\u00e1solhatja az \u00fcgyfelek befektet\u00e9s\u00fck \u00e9rt\u00e9k\u00e9nek meg\u00edt\u00e9l\u00e9s\u00e9t.<\/li>\n<\/ul>\n<h3> Vend\u00e9g\u00e9rt\u00e9kel\u00e9sekb\u0151l sz\u00e1rmaz\u00f3 tapasztalatok<\/h3>\n<ul>\n<li> Az egyik l\u00e1togat\u00f3 \u201ecsod\u00e1latosnak\u201d nevezte a helyet, olyan kil\u00e1t\u00e1ssal, mintha k\u00e9peslapr\u00f3l l\u00e9pett volna el\u0151, de azt is megeml\u00edti, hogy a norm\u00e1l k\u00e9nyelemhez meleg v\u00edzre van sz\u00fcks\u00e9g.<\/li>\n<li> Egy m\u00e1sik v\u00e9lem\u00e9ny kiemeli a fah\u00e1zakban elt\u00f6lt\u00f6tt rendezv\u00e9nyek vagy tart\u00f3zkod\u00e1sok \u201ehangulatos\u201d hangulat\u00e1t, de azzal a megfigyel\u00e9ssel, hogy n\u00e9h\u00e1ny alapvet\u0151 l\u00e9tes\u00edtm\u00e9ny nem mindig volt el\u00e9rhet\u0151, ami befoly\u00e1solta az \u00e1ltal\u00e1nos el\u00e9gedetts\u00e9get.<\/li>\n<li> N\u00e9h\u00e1ny vend\u00e9g megjegyzi, hogy a hely csendes mened\u00e9ket k\u00edn\u00e1l, ahol lehet\u0151s\u00e9g van a szabadban t\u00f6lt\u00f6tt id\u0151re a grillez\u0151- \u00e9s j\u00e1t\u00e9kter\u00fcleteken, ami r\u00e9szben ellens\u00falyozhatja bizonyos technikai hi\u00e1nyoss\u00e1gok miatti megb\u00e9lyegz\u00e9st.<\/li>\n<\/ul>\n<h2> C\u00e9lk\u00f6z\u00f6ns\u00e9g \u00e9s aj\u00e1nl\u00e1sok<\/h2>\n<ul>\n<li> Alkalmas azoknak a turist\u00e1knak, akik autentikus hegyi \u00e9lm\u00e9nyre, term\u00e9szetk\u00f6zeli mened\u00e9kre \u00e9s vid\u00e9ki kikapcsol\u00f3d\u00e1si lehet\u0151s\u00e9gekre v\u00e1gynak, szabadt\u00e9ri tev\u00e9kenys\u00e9gekkel \u00e9s l\u00e1tv\u00e1nyos panor\u00e1m\u00e1val.<\/li>\n<li> Kis csoportok vagy csal\u00e1dok sz\u00e1m\u00e1ra alkalmas, akik a komplexumon bel\u00fcli \u00e9s k\u00edv\u00fcli tereket r\u00e9szes\u00edtik el\u0151nyben, k\u00f6z\u00f6s f\u0151z\u00e9si lehet\u0151s\u00e9gekkel \u00e9s rusztikus fah\u00e1zhangulattal.<\/li>\n<li> Ez a helysz\u00edn profit\u00e1lhatna a pontos szolg\u00e1ltat\u00e1sokkal, a k\u00f6zm\u0171vek nyitvatart\u00e1si idej\u00e9vel kapcsolatos vil\u00e1gos kommunik\u00e1ci\u00f3b\u00f3l, valamint a tisztas\u00e1gi \u00e9s karbantart\u00e1si el\u0151\u00edr\u00e1sok r\u00e9szletesebb le\u00edr\u00e1s\u00e1b\u00f3l, hogy elker\u00fclhet\u0151 legyen a be nem teljes\u00fclt elv\u00e1r\u00e1sok.<\/li>\n<\/ul>\n<h2> K\u00f6vetkeztet\u00e9s \u2013 egy\u00e9rtelm\u0171 k\u00f6vetkeztet\u00e9s a v\u00e1laszt\u00e1si lehet\u0151s\u00e9gekr\u0151l<\/h2>\n<p> A Razele Trascauului autentikus hegyi \u00e9lm\u00e9nyt k\u00edn\u00e1l, jellegzetes rusztikus b\u00e1jjal, amely a term\u00e9szet \u00e9s a hegyi t\u00e1jak nyugalm\u00e1ban gy\u00f6kerezik. Azoknak a vend\u00e9geknek, akik a meghitt hangulatot, a term\u00e9szettel val\u00f3 kapcsolatot \u00e9s a szabadban t\u00f6lt\u00f6tt id\u0151 lehet\u0151s\u00e9g\u00e9t helyezik el\u0151t\u00e9rbe, ez a helysz\u00edn meglep\u0151en kellemes v\u00e1laszt\u00e1s lehet. Ugyanakkor a potenci\u00e1lis vend\u00e9geknek \u00e9rdemes meghallgatniuk a k\u00f6zm\u0171vekkel vagy az infrastrukt\u00far\u00e1val kapcsolatos v\u00e9lem\u00e9nyeket, hogy ennek megfelel\u0151en tervezhess\u00e9k meg elv\u00e1r\u00e1saikat \u00e9s elker\u00fclhess\u00e9k az esetleges kellemetlens\u00e9geket a tart\u00f3zkod\u00e1suk alatt. A gondos felk\u00e9sz\u00fcl\u00e9s, az adminisztr\u00e1ci\u00f3 ny\u00edlt kommunik\u00e1ci\u00f3ja \u00e9s a l\u00e9tes\u00edtm\u00e9nyek vend\u00e9gek ig\u00e9nyeihez val\u00f3 igaz\u00edt\u00e1s\u00e1nak k\u00e9pess\u00e9ge vonz\u00f3 opci\u00f3v\u00e1 teheti ezt az aj\u00e1nlatot a r\u00e9gi\u00f3 hegyi sz\u00e1ll\u00e1sk\u00edn\u00e1lat\u00e1ban.<\/p>\n<h4> Metale\u00edr\u00e1s<\/h4>\n<p> A R\u00e2me\u021b-i Trascau-gerinc rusztikus hangulat\u00fa, leny\u0171g\u00f6z\u0151 kil\u00e1t\u00e1st \u00e9s t\u00far\u00e1z\u00e1si lehet\u0151s\u00e9geket k\u00edn\u00e1l\u00f3 hegyi mened\u00e9ket k\u00edn\u00e1l, de a szolg\u00e1ltat\u00e1sok tekintet\u00e9ben lehetnek korl\u00e1tok; t\u00e1j\u00e9koz\u00f3djon a megalapozott d\u00f6nt\u00e9s okair\u00f3l, amikor autentikus hegyi sz\u00e1ll\u00e1st keres.<\/p>\n","protected":false},"excerpt":{"rendered":"<p>A R\u00e2me\u021b-i Trascau-gerinc rusztikus hangulat\u00fa, leny\u0171g\u00f6z\u0151 kil\u00e1t\u00e1st \u00e9s t\u00far\u00e1z\u00e1si lehet\u0151s\u00e9geket k\u00edn\u00e1l\u00f3 hegyi mened\u00e9ket k\u00edn\u00e1l, de a szolg\u00e1ltat\u00e1sok tekintet\u00e9ben lehetnek korl\u00e1tok; t\u00e1j\u00e9koz\u00f3djon a megalapozott d\u00f6nt\u00e9s okair\u00f3l, amikor autentikus hegyi sz\u00e1ll\u00e1st keres.<\/p>\n","protected":false},"author":1,"featured_media":169635,"template":"","business-categories":[3066,90],"business-locations":[8965,1055,15102],"business-countries":[49],"business_franchises":[27790],"class_list":["post-169672","business","type-business","status-publish","has-post-thumbnail","hentry","business_category-cabana-de-camping","business_category-cazare","business_location-comuna-ramet","business_location-judetul-alba","business_location-ramet","business_country-ro","business_franchises-razele-trascaului"],"_links":{"self":[{"href":"https:\/\/pensiuneacasamaria.ro\/hu\/wp-json\/wp\/v2\/businesses\/169672","targetHints":{"allow":["GET"]}}],"collection":[{"href":"https:\/\/pensiuneacasamaria.ro\/hu\/wp-json\/wp\/v2\/businesses"}],"about":[{"href":"https:\/\/pensiuneacasamaria.ro\/hu\/wp-json\/wp\/v2\/types\/business"}],"author":[{"embeddable":true,"href":"https:\/\/pensiuneacasamaria.ro\/hu\/wp-json\/wp\/v2\/users\/1"}],"version-history":[{"count":0,"href":"https:\/\/pensiuneacasamaria.ro\/hu\/wp-json\/wp\/v2\/businesses\/169672\/revisions"}],"wp:featuredmedia":[{"embeddable":true,"href":"https:\/\/pensiuneacasamaria.ro\/hu\/wp-json\/wp\/v2\/media\/169635"}],"wp:attachment":[{"href":"https:\/\/pensiuneacasamaria.ro\/hu\/wp-json\/wp\/v2\/media?parent=169672"}],"wp:term":[{"taxonomy":"business_category","embeddable":true,"href":"https:\/\/pensiuneacasamaria.ro\/hu\/wp-json\/wp\/v2\/business-categories?post=169672"},{"taxonomy":"business_location","embeddable":true,"href":"https:\/\/pensiuneacasamaria.ro\/hu\/wp-json\/wp\/v2\/business-locations?post=169672"},{"taxonomy":"business_country","embeddable":true,"href":"https:\/\/pensiuneacasamaria.ro\/hu\/wp-json\/wp\/v2\/business-countries?post=169672"},{"taxonomy":"business_franchises","embeddable":true,"href":"https:\/\/pensiuneacasamaria.ro\/hu\/wp-json\/wp\/v2\/business_franchises?post=169672"}],"curies":[{"name":"wp","href":"https:\/\/api.w.org\/{rel}","templated":true}]}}