{"id":199521,"date":"2026-04-02T22:45:06","date_gmt":"2026-04-02T22:45:06","guid":{"rendered":"https:\/\/pensiuneacasamaria.ro\/hotel\/a-haz-sonaban-nyaralohaz\/"},"modified":"2026-04-02T22:45:06","modified_gmt":"2026-04-02T22:45:06","slug":"casa-din-sona-holiday-home","status":"publish","type":"business","link":"https:\/\/pensiuneacasamaria.ro\/hu\/hotel\/casa-din-sona-holiday-home\/","title":{"rendered":"A h\u00e1z Son\u00e1ban &#8211; Nyaral\u00f3h\u00e1z"},"content":{"rendered":"<p>A Casa din \u015eona &#8211; \u00dcd\u00fcl\u0151h\u00e1z egy sz\u00e1ll\u00e1slehet\u0151s\u00e9g Rom\u00e1ni\u00e1ban, \u015eon\u00e1ban, amely vill\u00e1k vagy nyaral\u00f3k form\u00e1j\u00e1ban k\u00edn\u00e1l sz\u00e1ll\u00e1st csal\u00e1dok vagy kisebb csoportok sz\u00e1m\u00e1ra, akik nyugalomra \u00e9s mag\u00e1n\u00e9letre v\u00e1gynak. Ez az ingatlan szervezetileg k\u00fcl\u00f6n\u00f6sen alkalmazkodik Brass\u00f3 megye vid\u00e9ki k\u00f6rnyezet\u00e9hez, ahol a turist\u00e1k autentikus k\u00f6rnyezetet tapasztalhatnak meg, t\u00e1vol a nagyv\u00e1ros ny\u00fczsg\u00e9s\u00e9t\u0151l, an\u00e9lk\u00fcl, hogy elvesz\u00edten\u00e9k a m\u00e9rs\u00e9kelt tart\u00f3zkod\u00e1shoz sz\u00fcks\u00e9ges k\u00e9nyelmet.<\/p>\n<p> Az els\u0151 nyilv\u00e1nval\u00f3 el\u0151ny a rendelkez\u00e9sre \u00e1ll\u00f3 t\u00e9r. Mivel &#8222;nyaral\u00f3r\u00f3l&#8221; van sz\u00f3, a l\u00e9tes\u00edtm\u00e9ny lehet\u0151s\u00e9get k\u00edn\u00e1l egy k\u00fcl\u00f6n\u00e1ll\u00f3 lak\u00f3t\u00e9r haszn\u00e1lat\u00e1ra, t\u00f6bb szob\u00e1val, felszerelt konyh\u00e1val \u00e9s k\u00f6z\u00f6s helyis\u00e9gekkel, amelyek megk\u00f6nny\u00edtik a k\u00f6z\u00f6s \u00e9letet a saj\u00e1t temp\u00f3jukban. Ez el\u0151nyt jelenthet csoportok vagy csal\u00e1dok sz\u00e1m\u00e1ra, akik szeretn\u00e9k biztos\u00edtani a mag\u00e1n\u00e9let\u00fcket, de ugyanakkor kihaszn\u00e1lni a k\u00f6z\u00f6s helyis\u00e9geket a k\u00f6z\u00f6s tev\u00e9kenys\u00e9gekhez vagy csal\u00e1di vacsor\u00e1khoz.<\/p>\n<p> Egy m\u00e1sik \u00e9rt\u00e9kes elem a relat\u00edv f\u00f6ldrajzi elhelyezked\u00e9s: a term\u00e9szeti er\u0151forr\u00e1sokhoz, a helyi hagyom\u00e1nyokhoz \u00e9s a vid\u00e9ki t\u00e1jakhoz val\u00f3 k\u00f6zels\u00e9g autentikus hangulatot biztos\u00edthat a turist\u00e1k sz\u00e1m\u00e1ra. Ezenk\u00edv\u00fcl egy k\u00fcls\u0151 bemutat\u00f3oldal (jelen szolg\u00e1ltat\u00f3 eset\u00e9ben egy foglal\u00e1si aggreg\u00e1torhoz kapcsol\u00f3d\u00f3 oldal) el\u00e9rhet\u0151s\u00e9ge megk\u00f6nny\u00edtheti a l\u00e1togat\u00f3k sz\u00e1m\u00e1ra az aj\u00e1nlat azonos\u00edt\u00e1s\u00e1t, ha az az inform\u00e1ci\u00f3kat koherens \u00e9s \u00e1tl\u00e1that\u00f3 m\u00f3don kezeli.<\/p>\n<p> A lehet\u0151s\u00e9gek oldal\u00e1n a \u201esz\u00e1ll\u00e1s\u201d c\u00edmke haszn\u00e1lata azt jelzi, hogy az ingatlan r\u00f6vid vagy k\u00f6z\u00e9pt\u00e1v\u00fa sz\u00e1ll\u00e1slehet\u0151s\u00e9gekre, nem pedig csak \u00e1tmeneti szolg\u00e1ltat\u00e1sokra k\u00e9sz\u00fclt. Ez vonzhatja azokat az \u00fcgyfeleket, akik a szab\u00e1lyozott sz\u00e1ll\u00e1s biztons\u00e1g\u00e1t keresik, t\u00e1vol a multifunkcion\u00e1lis turisztikai szolg\u00e1ltat\u00e1sok hibridj\u00e9t\u0151l.<\/p>\n<p> Kritikai szempontb\u00f3l az egyik k\u00e9rd\u00e9s, ami k\u00e9rd\u00e9seket vethet fel a potenci\u00e1lis vend\u00e9gekben, a vid\u00e9ki sz\u00e1ll\u00e1shelyekkel szembeni elv\u00e1r\u00e1sok \u00e9s a modern foglal\u00e1si platformok \u00e1ltal kifejezett k\u00e9nyelmi sz\u00ednvonal k\u00f6z\u00f6tti szakad\u00e9k. Az a t\u00e9ny, hogy az olyan szolg\u00e1ltat\u00e1sok r\u00e9szletei, mint a Wi-Fi-kapcsolat, a konyhai felszerelts\u00e9g, a parkol\u00e1s vagy a mozg\u00e1skorl\u00e1tozottak sz\u00e1m\u00e1ra val\u00f3 hozz\u00e1f\u00e9r\u00e9s, nem szerepelnek kifejezetten a le\u00edr\u00e1sban, bizonytalans\u00e1got kelthet egyes l\u00e1togat\u00f3kban.<\/p>\n<p> A rendelkez\u00e9sre \u00e1ll\u00f3 nyilv\u00e1nos v\u00e9lem\u00e9nyek gondos feldolgoz\u00e1sa betekint\u00e9st ny\u00fajthat a turist\u00e1k \u00e9lm\u00e9ny\u00e9be: ha a v\u00e9lem\u00e9nyek a vid\u00e9ki \u00e9lm\u00e9ny csendj\u00e9t, mag\u00e1n\u00e9let\u00e9t \u00e9s hiteless\u00e9g\u00e9t hangs\u00falyozz\u00e1k, ezek kompenz\u00e1lhatj\u00e1k a cs\u00facsmin\u0151s\u00e9g\u0171 szolg\u00e1ltat\u00e1sok hi\u00e1ny\u00e1t. Ugyanakkor, ha a h\u00e1zigazd\u00e1k v\u00e1laszidej\u00e9t, tisztas\u00e1g\u00e1t vagy az \u00e1ruk \u00e1llapot\u00e1t eml\u00edtik, ezek a r\u00e9szletek befoly\u00e1solhatj\u00e1k a foglal\u00e1si d\u00f6nt\u00e9st. Az aj\u00e1nlatok \u00f6sszehasonl\u00edt\u00e1s\u00e1nak kontextus\u00e1ban hasznos a potenci\u00e1lis \u00fcgyfelek sz\u00e1m\u00e1ra, hogy val\u00f3s id\u0151ben ellen\u0151rizz\u00e9k a f\u00fcggetlen \u00e9rt\u00e9kel\u00e9seket, \u00e9s \u00f6sszehasonl\u00edts\u00e1k azokat a k\u00f6rny\u00e9k m\u00e1s egys\u00e9geivel, hogy meg\u00e1llap\u00edts\u00e1k, megfelel-e a \u201eCasa din \u015eona &#8211; \u00dcd\u00fcl\u0151h\u00e1z\u201d az ig\u00e9nyeiknek.<\/p>\n<h2> Relev\u00e1ns jellemz\u0151k<\/h2>\n<ul>\n<li> Ingatlan t\u00edpusa: sz\u00e1ll\u00e1s; vid\u00e9ki \u00fati c\u00e9l k\u00fcl\u00f6n\u00e1ll\u00f3 egys\u00e9gekben val\u00f3 sz\u00e1ll\u00e1slehet\u0151s\u00e9ggel<\/li>\n<li> C\u00edm: \u0218ona, Brass\u00f3 megye, Rom\u00e1nia; k\u00f6nny\u0171 megk\u00f6zel\u00edthet\u0151s\u00e9g a f\u0151bb helyi utakon<\/li>\n<li> Prom\u00f3ci\u00f3s aj\u00e1nlat: \u00e9lm\u00e9nyk\u00f6zpont\u00fa \u00fcd\u00fcl\u00e9si aj\u00e1nlat, hangs\u00falyt fektetve a mag\u00e1n\u00e9letre \u00e9s a csoportok sz\u00e1m\u00e1ra rendelkez\u00e9sre \u00e1ll\u00f3 t\u00e9rre<\/li>\n<li> Prezent\u00e1ci\u00f3s platformok: linkek aggreg\u00e1torokhoz \u00e9s foglal\u00e1si port\u00e1lokhoz, amelyek el\u0151seg\u00edtik az ingatlanok l\u00e1that\u00f3s\u00e1g\u00e1t<\/li>\n<\/ul>\n<p> A potenci\u00e1lis v\u00e1s\u00e1rl\u00f3k szempontj\u00e1b\u00f3l a kiv\u00e1laszt\u00e1si krit\u00e9riumok k\u00f6z\u00e9 tartozik az \u00e1r \u00e9s a k\u00e9nyelem ar\u00e1nya, az otthon \u00e1llapota, a be\u00e9p\u00edtett konyha lehet\u0151s\u00e9ge az \u00f6n\u00e1ll\u00f3 f\u0151z\u00e9s \u00e9rdek\u00e9ben, a csomagok \u00e9s a parkol\u00e1s megk\u00f6zel\u00edthet\u0151s\u00e9ge. Enn\u00e9l az aj\u00e1nlatn\u00e1l a szolg\u00e1ltat\u00e1sok egy\u00e9rtelm\u0171 le\u00edr\u00e1sa n\u00f6velheti az \u00fcgyfelek bizalm\u00e1t, a f\u00fcggetlen v\u00e9lem\u00e9nyek meger\u0151s\u00edt\u00e9se pedig jav\u00edthatja a v\u00e1s\u00e1rl\u00e1si d\u00f6nt\u00e9st.<\/p>\n<h3> Le\u00edr\u00f3 k\u00f6vetkeztet\u00e9s<\/h3>\n<p> A \u201eCasa din \u015eona &#8211; \u00dcd\u00fcl\u0151h\u00e1z\u201d megfelel\u0151 v\u00e1laszt\u00e1s lehet azoknak a turist\u00e1knak, akik autentikus vid\u00e9ki hagyom\u00e1nyokat szeretn\u00e9nek felfedezni, t\u00e1gas hellyel csal\u00e1dok vagy kisebb csoportok sz\u00e1m\u00e1ra. A vend\u00e9g\u00e9lm\u00e9nyre gyakorolt hat\u00e1s nagym\u00e9rt\u00e9kben f\u00fcgg az aj\u00e1nlatok egy\u00e9rtelm\u0171s\u00e9g\u00e9t\u0151l, a n\u00e9lk\u00fcl\u00f6zhetetlen szolg\u00e1ltat\u00e1sok el\u00e9rhet\u0151s\u00e9g\u00e9t\u0151l, valamint a h\u00e1zigazd\u00e1k kommunik\u00e1ci\u00f3s \u00e9s tisztas\u00e1gi kezel\u00e9s\u00e9t\u0151l. A csendes sz\u00e1ll\u00e1slehet\u0151s\u00e9get keres\u0151 vend\u00e9gek sz\u00e1m\u00e1ra, a szabadt\u00e9ri kikapcsol\u00f3d\u00e1s lehet\u0151s\u00e9g\u00e9vel, ez a sz\u00e1ll\u00e1shely kellemes \u00e9lm\u00e9nyt ny\u00fajthat, ha az elv\u00e1r\u00e1sok \u00f6sszhangban vannak a k\u00edn\u00e1lt val\u00f3s\u00e1ggal.<\/p>\n","protected":false},"excerpt":{"rendered":"<p>A Casa din \u015eona &#8211; nyaral\u00f3h\u00e1z \u015eon\u00e1ban, Rom\u00e1ni\u00e1ban, vid\u00e9ki k\u00f6rnyezetben k\u00edn\u00e1l sz\u00e1ll\u00e1st, t\u00e1gas hellyel csoportok sz\u00e1m\u00e1ra; fedezze fel egy nyaral\u00f3 k\u00e9nyelm\u00e9t, az intimit\u00e1st \u00e9s a k\u00f6rny\u00e9k autentikus hangulat\u00e1t. Vid\u00e9ki sz\u00e1ll\u00e1s a kikapcsol\u00f3d\u00e1s \u00e9s a helyi \u00e9lm\u00e9nyek felfedez\u00e9s\u00e9nek lehet\u0151s\u00e9g\u00e9vel.<\/p>\n","protected":false},"author":1,"featured_media":0,"template":"","business-categories":[14062,8510,90],"business-locations":[12541,949,12543],"business-countries":[49],"business_franchises":[31977],"class_list":["post-199521","business","type-business","status-publish","hentry","business_category-casa","business_category-cazare-pe-termen-scurt","business_category-cazare","business_location-comuna-mandra","business_location-judetul-brasov","business_location-sona","business_country-ro","business_franchises-casa-din-sona-holiday-home"],"_links":{"self":[{"href":"https:\/\/pensiuneacasamaria.ro\/hu\/wp-json\/wp\/v2\/businesses\/199521","targetHints":{"allow":["GET"]}}],"collection":[{"href":"https:\/\/pensiuneacasamaria.ro\/hu\/wp-json\/wp\/v2\/businesses"}],"about":[{"href":"https:\/\/pensiuneacasamaria.ro\/hu\/wp-json\/wp\/v2\/types\/business"}],"author":[{"embeddable":true,"href":"https:\/\/pensiuneacasamaria.ro\/hu\/wp-json\/wp\/v2\/users\/1"}],"version-history":[{"count":0,"href":"https:\/\/pensiuneacasamaria.ro\/hu\/wp-json\/wp\/v2\/businesses\/199521\/revisions"}],"wp:attachment":[{"href":"https:\/\/pensiuneacasamaria.ro\/hu\/wp-json\/wp\/v2\/media?parent=199521"}],"wp:term":[{"taxonomy":"business_category","embeddable":true,"href":"https:\/\/pensiuneacasamaria.ro\/hu\/wp-json\/wp\/v2\/business-categories?post=199521"},{"taxonomy":"business_location","embeddable":true,"href":"https:\/\/pensiuneacasamaria.ro\/hu\/wp-json\/wp\/v2\/business-locations?post=199521"},{"taxonomy":"business_country","embeddable":true,"href":"https:\/\/pensiuneacasamaria.ro\/hu\/wp-json\/wp\/v2\/business-countries?post=199521"},{"taxonomy":"business_franchises","embeddable":true,"href":"https:\/\/pensiuneacasamaria.ro\/hu\/wp-json\/wp\/v2\/business_franchises?post=199521"}],"curies":[{"name":"wp","href":"https:\/\/api.w.org\/{rel}","templated":true}]}}