{"id":265679,"date":"2026-04-03T03:19:38","date_gmt":"2026-04-03T03:19:38","guid":{"rendered":"https:\/\/pensiuneacasamaria.ro\/hotel\/melissa-villa\/"},"modified":"2026-04-03T03:19:38","modified_gmt":"2026-04-03T03:19:38","slug":"vila-melisa","status":"publish","type":"business","link":"https:\/\/pensiuneacasamaria.ro\/hu\/hotel\/vila-melisa\/","title":{"rendered":"Melissa-villa"},"content":{"rendered":"<p>A Vila Melisa egy sz\u00e1ll\u00e1slehet\u0151s\u00e9g V\u0103liugban, a Semenic-hegys\u00e9g sz\u00edv\u00e9ben, olyan szolg\u00e1ltat\u00e1sokkal, amelyek l\u00e1tsz\u00f3lag csal\u00e1dokat \u00e9s gyermekes csoportokat c\u00e9loznak meg. Ez a sz\u00e1ll\u00e1shely, ahogyan azt a k\u00fcls\u0151 v\u00e9lem\u00e9ny is mutatja, akad\u00e1lymentes\u00edtett \u00e9s egyszer\u0171 aj\u00e1nlatot \u00edg\u00e9r, de a helyi v\u00e9lem\u00e9nyek mind er\u0151ss\u00e9geket, mind fejlesztend\u0151 ter\u00fcleteket mutatnak azoknak a potenci\u00e1lis vend\u00e9geknek, akik a term\u00e9szet k\u00f6zel\u00e9ben, Krass\u00f3-Sz\u00f6r\u00e9ny turisztikai ter\u00fcletei k\u00f6zel\u00e9ben szeretn\u00e9nek pihentet\u0151 tart\u00f3zkod\u00e1st t\u00f6lteni. Azoknak a vend\u00e9geknek, akik k\u00f6lts\u00e9gvet\u00e9sbar\u00e1t vagy csoportos sz\u00e1ll\u00e1st keresnek, ez a vend\u00e9gh\u00e1z \u00e9letk\u00e9pes v\u00e1laszt\u00e1s lehet, ha az elv\u00e1r\u00e1sok \u00f6sszhangban vannak a szolg\u00e1ltat\u00e1sok \u00e9s a kommunik\u00e1ci\u00f3 jelenlegi val\u00f3s\u00e1g\u00e1val. <strong>A sz\u00e1lloda<\/strong> \u00e9s <strong>a sz\u00e1ll\u00e1s<\/strong> fontos kulcsfogalmak, amelyeket figyelembe kell venni a k\u00f6rny\u00e9kbeli m\u00e1s lehet\u0151s\u00e9gek \u00f6sszehasonl\u00edt\u00e1sakor, a szob\u00e1kkal, a k\u00f6z\u00f6s f\u00fcrd\u0151szob\u00e1val \u00e9s a szolg\u00e1ltat\u00e1sokhoz val\u00f3 hozz\u00e1f\u00e9r\u00e9ssel kapcsolatos r\u00e9szletek pedig hozz\u00e1j\u00e1rulnak a k\u00edn\u00e1lt szolg\u00e1ltat\u00e1sokr\u00f3l alkotott k\u00e9p tiszt\u00e1bb k\u00e9p\u00e9hez.<\/p>\n<p> Pozit\u00edvumk\u00e9nt eml\u00edthet\u0151, hogy a helysz\u00edn lehet\u0151s\u00e9get k\u00edn\u00e1l a term\u00e9szetben val\u00f3 kikapcsol\u00f3d\u00e1sra, k\u00f6nnyen megk\u00f6zel\u00edthet\u0151 hegyi \u00f6sv\u00e9nyekkel \u00e9s fest\u0151i t\u00e1jakkal, amelyek a tart\u00f3zkod\u00e1st vid\u00e9ki kiruccan\u00e1ss\u00e1 var\u00e1zsolhatj\u00e1k. A rekre\u00e1ci\u00f3s ter\u00fcletekr\u0151l \u00e9s az \u00e1ltal\u00e1nos hangulatr\u00f3l sz\u00f3l\u00f3 nyilv\u00e1nos visszajelz\u00e9sek kellemes \u00e9lm\u00e9nyt ny\u00fajtanak a kev\u00e9sb\u00e9 forgalmas id\u0151szakokban, mivel az emberek \u00e9rt\u00e9kelik az egyszer\u0171s\u00e9get \u00e9s a term\u00e9szettel val\u00f3 vizu\u00e1lis kapcsolatot. Csal\u00e1dok vagy csoportok sz\u00e1m\u00e1ra, akik &gt;megfizethet\u0151 sz\u00e1llod\u00e1kat&lt; keresnek, a Vila Melisa megfelel\u0151 megold\u00e1s lehet a k\u00f6lts\u00e9gek kord\u00e1ban tart\u00e1s\u00e1ra, k\u00fcl\u00f6n\u00f6sen, ha a k\u00f6z\u00f6s terekkel \u00e9s bar\u00e1ts\u00e1gos hangulattal rendelkez\u0151 sz\u00e1ll\u00e1slehet\u0151s\u00e9geket r\u00e9szes\u00edtik el\u0151nyben.<\/p>\n<ul>\n<li> Csoportok \u00e9s gyermekek sz\u00e1m\u00e1ra is alkalmas, az ig\u00e9nyekhez igaz\u00edtott tart\u00f3zkod\u00e1s lehet\u0151s\u00e9g\u00e9vel.<\/li>\n<li> Lehet\u0151s\u00e9g a hegyvid\u00e9ki ter\u00fclet felfedez\u00e9s\u00e9re, s\u00e9t\u00e1kra \u00e9s szabadt\u00e9ri tev\u00e9kenys\u00e9gekre.<\/li>\n<li> \u00c9sszer\u0171bb \u00e1rk\u00e9pz\u00e9si strat\u00e9gi\u00e1k sz\u0171k\u00f6s k\u00f6lts\u00e9gvet\u00e9s eset\u00e9n, a k\u00f6rny\u00e9k luxusl\u00e9tes\u00edtm\u00e9nyeihez k\u00e9pest.<\/li>\n<\/ul>\n<p> Azonban vannak olyan dolgok is, amelyek befoly\u00e1solhatj\u00e1k a foglal\u00e1si d\u00f6nt\u00e9st. Egyes v\u00e9lem\u00e9nyek korl\u00e1tozott alapter\u00fclet\u0171 szob\u00e1kat vagy egyszer\u0171bb felszerelts\u00e9get, k\u00f6z\u00f6s f\u00fcrd\u0151szob\u00e1val javasolnak, amelyek nem felt\u00e9tlen\u00fcl felelnek meg minden olyan vend\u00e9gt\u00edpusnak, aki teljes mag\u00e1n\u00e9letre vagy modern szob\u00e1kra v\u00e1gyik. Egyes hozz\u00e1sz\u00f3l\u00e1sok kiemelik az er\u0151sebb kommunik\u00e1ci\u00f3 vagy a gyorsabb v\u00e1laszid\u0151 sz\u00fcks\u00e9gess\u00e9g\u00e9t is, olyan probl\u00e9m\u00e1kat, amelyeket a tulajdonosok a foglalts\u00e1gkezel\u00e9s \u00e9s a vend\u00e9gek fel\u00e9 t\u00f6rt\u00e9n\u0151 inform\u00e1ci\u00f3\u00e1raml\u00e1s optimaliz\u00e1l\u00e1s\u00e1val kezelhetnek.<\/p>\n<h2> \u00dcgyf\u00e9l\u00e9lm\u00e9ny \u00e9s online h\u00edrn\u00e9v<\/h2>\n<p> A k\u00fcls\u0151 v\u00e9lem\u00e9nyek sz\u00e9les sk\u00e1l\u00e1j\u00e1t mutatj\u00e1k, az \u00e1r-\u00e9rt\u00e9k ar\u00e1nybeli el\u00e9gedetts\u00e9gt\u0151l kezdve a szob\u00e1k k\u00e9nyelm\u00e9re \u00e9s a rendelkez\u00e9sre \u00e1ll\u00f3 szolg\u00e1ltat\u00e1sokra vonatkoz\u00f3 megjegyz\u00e9sekig. Azoknak a potenci\u00e1lis vend\u00e9geknek, akik \u00e9rt\u00e9kelik az \u00e1r-\u00e9rt\u00e9k ar\u00e1nyt, a Vila Melisa re\u00e1lis v\u00e1laszt\u00e1s lehet, re\u00e1lis elv\u00e1r\u00e1sokkal a terek m\u00e9ret\u00e9vel \u00e9s k\u00e9nyelm\u00e9vel, valamint az \u00e9vszakt\u00f3l f\u00fcgg\u0151en k\u00edn\u00e1lt szolg\u00e1ltat\u00e1sokkal kapcsolatban.<\/p>\n<h3> Hasznos tartalom turist\u00e1knak<\/h3>\n<p> A k\u00f6rny\u00e9ken t\u00f6rt\u00e9n\u0151 tart\u00f3zkod\u00e1s tervez\u00e9sekor aj\u00e1nlott megfontolni a k\u00f6zeli alternat\u00edv lehet\u0151s\u00e9geket, p\u00e9ld\u00e1ul panzi\u00f3kat vagy sz\u00e1llod\u00e1kat, amelyek modern felszerelts\u00e9ggel rendelkez\u0151 priv\u00e1t szob\u00e1kat k\u00edn\u00e1lnak, m\u00edg a Vila Melisa kiel\u00e9g\u00edtheti a p\u00e9nz\u00fcgyi akad\u00e1lymentes\u00edt\u00e9si ig\u00e9nyeket vagy a nagyobb csoportok ig\u00e9nyeit. A potenci\u00e1lis \u00fcgyfelek sz\u00e1m\u00e1ra fontos figyelembe venni az adminisztr\u00e1torok v\u00e1laszidej\u00e9t \u00e9s az esetleges kor\u00e1bbi kapcsolatfelv\u00e9teleket a szob\u00e1k felszerelts\u00e9g\u00e9vel vagy a k\u00f6z\u00f6s helyis\u00e9gek el\u00e9rhet\u0151s\u00e9g\u00e9vel kapcsolatban.<\/p>\n<h4> Aj\u00e1nl\u00e1sok a j\u00f6v\u0151beli vend\u00e9gek sz\u00e1m\u00e1ra<\/h4>\n<ul>\n<li> Er\u0151s\u00edtse meg a rendelkez\u00e9sre \u00e1ll\u00f3 szob\u00e1k t\u00edpus\u00e1t, \u00e9s azt, hogy a k\u00f6z\u00f6s f\u00fcrd\u0151szob\u00e1k megfelelnek-e az \u00d6n adatv\u00e9delmi ig\u00e9nyeinek.<\/li>\n<li> K\u00e9rdezzen az alapvet\u0151 szolg\u00e1ltat\u00e1sokr\u00f3l, p\u00e9ld\u00e1ul a vil\u00e1g\u00edt\u00e1sr\u00f3l, a szell\u0151z\u00e9sr\u0151l \u00e9s a k\u00f6z\u00f6s helyis\u00e9gek tisztas\u00e1g\u00e1r\u00f3l.<\/li>\n<li> Ellen\u0151rizd a h\u00e1zigazd\u00e1id kommunik\u00e1ci\u00f3s lehet\u0151s\u00e9geit, hogy gyorsan v\u00e1laszt kaphass az utols\u00f3 pillanatban felmer\u00fcl\u0151 k\u00e9rd\u00e9seidre.<\/li>\n<\/ul>\n<p> \u00d6sszefoglalva, a Vila Melisa relev\u00e1ns v\u00e1laszt\u00e1s lehet a term\u00e9szet k\u00f6zep\u00e9n, b\u00e9k\u00e9s pihen\u00e9sre v\u00e1gy\u00f3 turist\u00e1k sz\u00e1m\u00e1ra, megfizethet\u0151 \u00e1rakkal \u00e9s szabadt\u00e9ri tev\u00e9kenys\u00e9gekben val\u00f3 r\u00e9szv\u00e9tel lehet\u0151s\u00e9g\u00e9vel. A szob\u00e1k m\u00e9ret\u00e9vel \u00e9s a k\u00edn\u00e1lt szolg\u00e1ltat\u00e1sokkal kapcsolatban azonban korl\u00e1toz\u00e1sok mer\u00fclhetnek fel, ez\u00e9rt elengedhetetlen, hogy a foglal\u00e1s el\u0151tt \u00f6sszehangolja az elv\u00e1r\u00e1sait a rendelkez\u00e9sre \u00e1ll\u00f3 val\u00f3s\u00e1ggal, \u00e9s \u00f6sszehasonl\u00edtsa a k\u00f6rny\u00e9kbeli egy\u00e9b lehet\u0151s\u00e9gekkel.<\/p>\n","protected":false},"excerpt":{"rendered":"<p>Villa Melisa V\u0103liugban, Rom\u00e1ni\u00e1ban: megfizethet\u0151 sz\u00e1ll\u00e1s a Szemeni-hegys\u00e9g k\u00f6zep\u00e9n, csoportok sz\u00e1m\u00e1ra is el\u00e9rhet\u0151 lehet\u0151s\u00e9gekkel. Ismerje meg az el\u0151ny\u00f6ket, korl\u00e1tokat \u00e9s azt, hogyan szolg\u00e1lhat kiindul\u00f3pontk\u00e9nt Krass\u00f3-Sz\u00f6r\u00e9ny term\u00e9szet\u00e9nek felfedez\u00e9s\u00e9hez.<\/p>\n","protected":false},"author":1,"featured_media":265593,"template":"","business-categories":[140,90,91],"business-locations":[7580,1566,7586],"business-countries":[49],"business_franchises":[40037],"class_list":["post-265679","business","type-business","status-publish","has-post-thumbnail","hentry","business_category-restaurant","business_category-cazare","business_category-hotel","business_location-comuna-valiug","business_location-judetul-caras-severin","business_location-valiug","business_country-ro","business_franchises-vila-melisa"],"_links":{"self":[{"href":"https:\/\/pensiuneacasamaria.ro\/hu\/wp-json\/wp\/v2\/businesses\/265679","targetHints":{"allow":["GET"]}}],"collection":[{"href":"https:\/\/pensiuneacasamaria.ro\/hu\/wp-json\/wp\/v2\/businesses"}],"about":[{"href":"https:\/\/pensiuneacasamaria.ro\/hu\/wp-json\/wp\/v2\/types\/business"}],"author":[{"embeddable":true,"href":"https:\/\/pensiuneacasamaria.ro\/hu\/wp-json\/wp\/v2\/users\/1"}],"version-history":[{"count":0,"href":"https:\/\/pensiuneacasamaria.ro\/hu\/wp-json\/wp\/v2\/businesses\/265679\/revisions"}],"wp:featuredmedia":[{"embeddable":true,"href":"https:\/\/pensiuneacasamaria.ro\/hu\/wp-json\/wp\/v2\/media\/265593"}],"wp:attachment":[{"href":"https:\/\/pensiuneacasamaria.ro\/hu\/wp-json\/wp\/v2\/media?parent=265679"}],"wp:term":[{"taxonomy":"business_category","embeddable":true,"href":"https:\/\/pensiuneacasamaria.ro\/hu\/wp-json\/wp\/v2\/business-categories?post=265679"},{"taxonomy":"business_location","embeddable":true,"href":"https:\/\/pensiuneacasamaria.ro\/hu\/wp-json\/wp\/v2\/business-locations?post=265679"},{"taxonomy":"business_country","embeddable":true,"href":"https:\/\/pensiuneacasamaria.ro\/hu\/wp-json\/wp\/v2\/business-countries?post=265679"},{"taxonomy":"business_franchises","embeddable":true,"href":"https:\/\/pensiuneacasamaria.ro\/hu\/wp-json\/wp\/v2\/business_franchises?post=265679"}],"curies":[{"name":"wp","href":"https:\/\/api.w.org\/{rel}","templated":true}]}}