{"id":296959,"date":"2026-04-03T05:31:10","date_gmt":"2026-04-03T05:31:10","guid":{"rendered":"https:\/\/pensiuneacasamaria.ro\/hotel\/radu-apartman-ket-haloszobas-apartman\/"},"modified":"2026-04-03T05:31:10","modified_gmt":"2026-04-03T05:31:10","slug":"apartament-radu-two-bedroom-apartment-2","status":"publish","type":"business","link":"https:\/\/pensiuneacasamaria.ro\/hu\/hotel\/apartament-radu-two-bedroom-apartment-2\/","title":{"rendered":"Radu apartman &#8211; K\u00e9t h\u00e1l\u00f3szob\u00e1s apartman"},"content":{"rendered":"<p>Egy meglepet\u00e9sekkel teli rom\u00e1n v\u00e1rosban tal\u00e1lhat\u00f3 az Apartament Radu &#8211; K\u00e9t h\u00e1l\u00f3szob\u00e1s apartman, amely praktikus sz\u00e1ll\u00e1slehet\u0151s\u00e9get k\u00edn\u00e1l a Craiov\u00e1t felfedez\u0151 turist\u00e1k sz\u00e1m\u00e1ra. Ez az apartman egy kis csoport vagy csal\u00e1d k\u00e9nyelm\u00e9t szolg\u00e1lja, t\u00e1gas teret, vil\u00e1goss\u00e1got \u00e9s modern felszerelts\u00e9get k\u00edn\u00e1lva egy priv\u00e1t k\u00f6rnyezetben, amely a tart\u00f3zkod\u00e1st b\u00e9k\u00e9ss\u00e9 \u00e9s gondtalann\u00e1 var\u00e1zsolja.<\/p>\n<p> A rendelkez\u00e9sre \u00e1ll\u00f3 inform\u00e1ci\u00f3kb\u00f3l leolvashat\u00f3 pozit\u00edvumok k\u00f6z\u00fcl kiemelend\u0151 a Craiova-i elhelyezked\u00e9s, ahonnan k\u00f6nnyen megk\u00f6zel\u00edthet\u0151k a v\u00e1ros nevezetess\u00e9gei. A helyi szolg\u00e1ltat\u00e1sok k\u00f6zels\u00e9ge rugalmass\u00e1got biztos\u00edt a vend\u00e9gek sz\u00e1m\u00e1ra, biztos\u00edtva a gyors hozz\u00e1f\u00e9r\u00e9st olyan szolg\u00e1ltat\u00e1sokhoz, mint a szupermarketek, \u00e9ttermek \u00e9s a k\u00f6zleked\u00e9s, ami hozz\u00e1j\u00e1rul a k\u00e9nyelmes \u00e9lm\u00e9nyhez. Ezenk\u00edv\u00fcl a lak\u00e1s f\u0151 jellemz\u0151je \u2013 a t\u00e1gas nappali k\u00e9t h\u00e1l\u00f3szob\u00e1val \u2013 kiel\u00e9g\u00edti a mag\u00e1n\u00e9let \u00e9s a pihen\u00e9s ir\u00e1nti ig\u00e9nyt azoknak a vend\u00e9geknek, akik otthon szeretn\u00e9nek \u00e9rezni magukat, m\u00e9g egy r\u00f6vid l\u00e1togat\u00e1s sor\u00e1n is.<\/p>\n<p> H\u00e1tr\u00e1nyk\u00e9nt eml\u00edthet\u0151, hogy egyes elemek tiszt\u00e1z\u00e1sra vagy kiigaz\u00edt\u00e1sra szorulhatnak, az egyes utaz\u00f3k elv\u00e1r\u00e1sait\u00f3l f\u00fcgg\u0151en. A szolg\u00e1ltat\u00e1sokkal kapcsolatos r\u00e9szletek semlegess\u00e9ge zavart okozhat a tisztas\u00e1gi el\u0151\u00edr\u00e1sok, a karbantart\u00e1s vagy a k\u00e9sz\u00fcl\u00e9kek kisebb m\u00f3dos\u00edt\u00e1sai eset\u00e9ben. Fontos, hogy a potenci\u00e1lis vend\u00e9gek ellen\u0151rizz\u00e9k, hogy a k\u00f6z\u00f6s helyis\u00e9gek, a felszerelt konyha \u00e9s a k\u00f6zm\u0171vekhez val\u00f3 hozz\u00e1f\u00e9r\u00e9s megfelel-e az ig\u00e9nyeiknek, k\u00fcl\u00f6n\u00f6sen a nagy forgalm\u00fa id\u0151szakokban. Mint minden \u201et\u00f6mblak\u00e1s\u201d t\u00edpus\u00fa aj\u00e1nlat eset\u00e9ben, a k\u00f6rny\u00e9kr\u0151l vagy az \u00e9p\u00fcletb\u0151l besz\u0171r\u0151d\u0151 zaj hat\u00e1ssal lehet a k\u00e9nyelemre, a vend\u00e9gek napi terv\u00e9t\u0151l f\u00fcgg\u0151en.<\/p>\n<p> Az online h\u00edrn\u00e9v tekintet\u00e9ben a potenci\u00e1lis vend\u00e9geknek alaposan meg kell vizsg\u00e1lniuk m\u00e1s utaz\u00f3k \u00e9rt\u00e9kel\u00e9seit, hogy meg\u00e9rts\u00e9k, vajon a tisztas\u00e1gi szabv\u00e1nyok, a h\u00e1zigazd\u00e1kkal val\u00f3 kommunik\u00e1ci\u00f3 \u00e9s a v\u00e1laszid\u0151 megfelel-e az elv\u00e1r\u00e1soknak. Egy kiegyens\u00falyozott \u00e9rt\u00e9kel\u00e9snek tartalmaznia kell mind a bels\u0151 k\u00e9nyelem, mind az akad\u00e1lymentes\u00edt\u00e9s szempontjait, mik\u00f6zben a hasonl\u00f3 sz\u00e1ll\u00e1slehet\u0151s\u00e9geket Craiov\u00e1ban elemzik, hogy felm\u00e9rj\u00e9k az \u00e1r-\u00e9rt\u00e9k ar\u00e1nyt a helyi sz\u00e1lloda- \u00e9s apartmanpiac kontextus\u00e1ban.<\/p>\n<h2> Mi\u00e9rt v\u00e1lasztan\u00e1 valaki ezt a lak\u00e1st?<\/h2>\n<ul>\n<li> T\u00e1gas t\u00e9r csal\u00e1doknak vagy kis csoportoknak<\/li>\n<li> K\u00e9nyelem a praktikus kialak\u00edt\u00e1snak \u00e9s a modern felszerelts\u00e9gnek k\u00f6sz\u00f6nhet\u0151en<\/li>\n<li> Rugalmas haszn\u00e1lat: \u00f6nell\u00e1t\u00e1s saj\u00e1t lak\u00f3t\u00e9rrel<\/li>\n<\/ul>\n<h3> Amit \u00e9rdemes megfontolni foglal\u00e1s el\u0151tt<\/h3>\n<ul>\n<li> A tiszt\u00edt\u00e1si \u00e9s karbantart\u00e1si felt\u00e9telek tiszt\u00e1z\u00e1sa<\/li>\n<li> K\u00f6zm\u0171vek el\u00e9rhet\u0151s\u00e9g\u00e9nek ellen\u0151rz\u00e9se a tart\u00f3zkod\u00e1s alatt<\/li>\n<li> Kommunik\u00e1ci\u00f3 a h\u00e1zigazd\u00e1val a v\u00e1laszid\u0151kkel \u00e9s a bejelentkez\u00e9si elj\u00e1r\u00e1ssal kapcsolatban<\/li>\n<\/ul>\n<p> \u00d6sszess\u00e9g\u00e9ben ez a lehet\u0151s\u00e9g vonz\u00f3 v\u00e1laszt\u00e1s lehet azoknak a turist\u00e1knak, akik egy apartman mag\u00e1n\u00e9let\u00e9t egy teljesen funkcion\u00e1lis t\u00e9r k\u00e9nyelm\u00e9vel szeretn\u00e9k \u00f6tv\u00f6zni Craiov\u00e1ban. Azoknak a felhaszn\u00e1l\u00f3knak, akik \u00e9rt\u00e9kelik az \u00f6n\u00e1ll\u00f3s\u00e1got, a felszerelt konyha \u00e9s a k\u00fcl\u00f6n\u00e1ll\u00f3 nappali sokkal rugalmasabb \u00e9lm\u00e9nyt k\u00edn\u00e1lhat, mint a hagyom\u00e1nyos sz\u00e1llodai sz\u00e1ll\u00e1s.<\/p>\n<p> \u00d6sszefoglalva, egy ilyen apartman kiv\u00e1laszt\u00e1sa egy\u00e9rtelm\u0171 el\u0151ny\u00f6kkel j\u00e1rhat a t\u00e9r, a mag\u00e1n\u00e9let \u00e9s a k\u00e9nyelem tekintet\u00e9ben, mik\u00f6zben egy lak\u00f3parkban megszervezett nyaral\u00e1s sor\u00e1n kisebb kih\u00edv\u00e1sok ad\u00f3dhatnak. Javasoljuk, hogy \u00f6sszehasonl\u00edt\u00f3 \u00e9rt\u00e9kel\u00e9st v\u00e9gezzen m\u00e1s craiovai sz\u00e1ll\u00e1slehet\u0151s\u00e9gekkel, hogy meghat\u00e1rozza az \u00d6n ig\u00e9nyeinek, k\u00f6lts\u00e9gvet\u00e9s\u00e9nek \u00e9s szem\u00e9lyes preferenci\u00e1inak megfelel\u0151 legjobb \u00e1r-\u00e9rt\u00e9k ar\u00e1nyt.<\/p>\n<p> <strong>Relev\u00e1ns c\u00edmk\u00e9k a keres\u0151motorokhoz:<\/strong> <b>hotel<\/b> , <b>sz\u00e1ll\u00e1s<\/b> , <b>apartman Craiov\u00e1ban<\/b> , <b>h\u00e1zik\u00f3<\/b> , <b>2 szoba<\/b> , <b>sz\u00e1ll\u00e1s a v\u00e1rosban<\/b> , <b>nyaral\u00e1s Craiov\u00e1ban<\/b> , <b>sz\u00e1ll\u00e1segys\u00e9g<\/b> , <b>turisztikai c\u00e9lpont Craiova<\/b> .<\/p><\/p>\n","protected":false},"excerpt":{"rendered":"<p>Az Apartament Radu \u2013 K\u00e9t h\u00e1l\u00f3szob\u00e1s apartman Craiov\u00e1ban csal\u00e1dias teret, csatlakoz\u00e1sokat \u00e9s k\u00e9nyelmet k\u00edn\u00e1l priv\u00e1t k\u00f6rnyezetben; vonz\u00f3 sz\u00e1ll\u00e1slehet\u0151s\u00e9g Craiov\u00e1ban, k\u00f6nny\u0171 hozz\u00e1f\u00e9r\u00e9ssel a helyi szolg\u00e1ltat\u00e1sokhoz \u00e9s a k\u00f6zleked\u00e9shez.<\/p>\n","protected":false},"author":1,"featured_media":0,"template":"","business-categories":[14062,8510,90],"business-locations":[1976,1333,1975],"business-countries":[49],"business_franchises":[43510],"class_list":["post-296959","business","type-business","status-publish","hentry","business_category-casa","business_category-cazare-pe-termen-scurt","business_category-cazare","business_location-craiova","business_location-judetul-dolj","business_location-municipiu-craiova","business_country-ro","business_franchises-apartament-radu-twobedroom-apartment"],"_links":{"self":[{"href":"https:\/\/pensiuneacasamaria.ro\/hu\/wp-json\/wp\/v2\/businesses\/296959","targetHints":{"allow":["GET"]}}],"collection":[{"href":"https:\/\/pensiuneacasamaria.ro\/hu\/wp-json\/wp\/v2\/businesses"}],"about":[{"href":"https:\/\/pensiuneacasamaria.ro\/hu\/wp-json\/wp\/v2\/types\/business"}],"author":[{"embeddable":true,"href":"https:\/\/pensiuneacasamaria.ro\/hu\/wp-json\/wp\/v2\/users\/1"}],"version-history":[{"count":0,"href":"https:\/\/pensiuneacasamaria.ro\/hu\/wp-json\/wp\/v2\/businesses\/296959\/revisions"}],"wp:attachment":[{"href":"https:\/\/pensiuneacasamaria.ro\/hu\/wp-json\/wp\/v2\/media?parent=296959"}],"wp:term":[{"taxonomy":"business_category","embeddable":true,"href":"https:\/\/pensiuneacasamaria.ro\/hu\/wp-json\/wp\/v2\/business-categories?post=296959"},{"taxonomy":"business_location","embeddable":true,"href":"https:\/\/pensiuneacasamaria.ro\/hu\/wp-json\/wp\/v2\/business-locations?post=296959"},{"taxonomy":"business_country","embeddable":true,"href":"https:\/\/pensiuneacasamaria.ro\/hu\/wp-json\/wp\/v2\/business-countries?post=296959"},{"taxonomy":"business_franchises","embeddable":true,"href":"https:\/\/pensiuneacasamaria.ro\/hu\/wp-json\/wp\/v2\/business_franchises?post=296959"}],"curies":[{"name":"wp","href":"https:\/\/api.w.org\/{rel}","templated":true}]}}