{"id":298581,"date":"2026-04-03T05:38:48","date_gmt":"2026-04-03T05:38:48","guid":{"rendered":"https:\/\/pensiuneacasamaria.ro\/hotel\/krista-kbinn\/"},"modified":"2026-04-03T05:38:48","modified_gmt":"2026-04-03T05:38:48","slug":"kristas-kbinn","status":"publish","type":"business","link":"https:\/\/pensiuneacasamaria.ro\/hu\/hotel\/kristas-kbinn\/","title":{"rendered":"Krista KBinn"},"content":{"rendered":"<p>A Krista&#8217;s KBinn ide\u00e1lis v\u00e1laszt\u00e1s azoknak az utaz\u00f3knak, akik nyugodt pihen\u00e9sre v\u00e1gynak az Alba megyei fest\u0151i M\u0103ti\u0219e\u0219ti faluban. A sz\u00e1ll\u00e1shely a sz\u00e1ll\u00e1shelyek list\u00e1j\u00e1n \u00e9rdekes helyk\u00e9nt szerepel azoknak a vend\u00e9geknek, akik autentikus rom\u00e1n vid\u00e9ki \u00e9lm\u00e9nyekre v\u00e1gynak, kiemelve a sz\u00e1ll\u00e1slehet\u0151s\u00e9geket \u00e9s az \u00fczleti \u00e9s szabadid\u0151s utaz\u00f3knak egyar\u00e1nt k\u00edn\u00e1lt szolg\u00e1ltat\u00e1sokat. A hellyel kapcsolatba l\u00e9p\u0151 felhaszn\u00e1l\u00f3k sz\u00e1mos pozit\u00edvumot eml\u00edtettek a helyi hangulattal, a vend\u00e9geknek ny\u00fajtott szem\u00e9lyre szabott figyelemmel \u00e9s a h\u00e1zigazd\u00e1k el\u00e9rhet\u0151s\u00e9g\u00e9vel kapcsolatban. M\u00e1sr\u00e9szt, ahogy az a vid\u00e9ki ter\u00fcleteken gyakran el\u0151fordul, a szolg\u00e1ltat\u00e1sok el\u00e9rhet\u0151s\u00e9g\u00e9t \u00e9s v\u00e1ltozatoss\u00e1g\u00e1t befoly\u00e1solhatja a helyi infrastrukt\u00fara, \u00e9s a k\u00f6zelben tal\u00e1lhat\u00f3 hasonl\u00f3 lehet\u0151s\u00e9gek versenyk\u00e9pes alternat\u00edv\u00e1kat k\u00edn\u00e1lhatnak a rugalmas tart\u00f3zkod\u00e1s \u00e9rdek\u00e9ben.<\/p>\n<p> A potenci\u00e1lis \u00fcgyfelek szempontj\u00e1b\u00f3l fontos szempont a region\u00e1lis turisztikai l\u00e1tv\u00e1nyoss\u00e1gok k\u00f6zels\u00e9ge, a Feh\u00e9r megye saj\u00e1toss\u00e1gainak felfedez\u00e9s\u00e9nek \u00e9s a helyi hagyom\u00e1nyok megismer\u00e9s\u00e9nek lehet\u0151s\u00e9ge. A sz\u00e1ll\u00e1skeres\u0151k \u00e9rt\u00e9kelhetik a <b>k\u00e9nyelmes sz\u00e1ll\u00e1slehet\u0151s\u00e9geket<\/b> egy sz\u00e1llodai t\u00edpus\u00fa t\u00e9rben, egy kis mag\u00e1n\u00e9lettel \u00e9s a vid\u00e9ki k\u00f6rnyezet nyugalm\u00e1nak \u00e9lvezet\u00e9vel. Az \u00fczleti \u00faton l\u00e9v\u0151 vend\u00e9gek vagy helyi tal\u00e1lkoz\u00f3kra \u00e9rkez\u0151k sz\u00e1m\u00e1ra a Krista&#8217;s KBinn meghitt \u00e9s diszkr\u00e9t k\u00f6rnyezetet k\u00edn\u00e1l tev\u00e9kenys\u00e9gek vagy tal\u00e1lkoz\u00f3k szervez\u00e9s\u00e9hez, a rendelkez\u00e9sre \u00e1ll\u00f3 programokt\u00f3l f\u00fcgg\u0151en.<\/p>\n<h2> Pozit\u00edv szempontok<\/h2>\n<ul>\n<li> Lehet\u0151s\u00e9g egy autentikus <b>sz\u00e1ll\u00e1s\u00e9lm\u00e9ny<\/b> megtapasztal\u00e1s\u00e1ra egy vid\u00e9ki faluban, a r\u00e9gi\u00f3ra jellemz\u0151 b\u00e1jjal.<\/li>\n<li> K\u00f6zvetlen kapcsolat a h\u00e1zigazd\u00e1kkal, szem\u00e9lyre szabott \u00e9lm\u00e9nyt ny\u00fajtva a vend\u00e9gek ig\u00e9nyeihez igaz\u00edtva.<\/li>\n<li> B\u00e9k\u00e9s hangulat \u00e9s szabadt\u00e9ri tev\u00e9kenys\u00e9gek lehet\u0151s\u00e9gei az Alba k\u00f6rny\u00e9k hegyvid\u00e9ki t\u00e1jai k\u00f6zel\u00e9ben.<\/li>\n<\/ul>\n<h2> Fejleszthet\u0151 szempontok<\/h2>\n<ul>\n<li> A helyi infrastrukt\u00fara befoly\u00e1solhatja a vend\u00e9gek k\u00f6nny\u0171 megk\u00f6zel\u00edthet\u0151s\u00e9g\u00e9t \u00e9s mobilit\u00e1s\u00e1t a k\u00f6rny\u00e9ken; a turist\u00e1knak \u00e9rdemes lehet a k\u00f6zelben alternat\u00edv lehet\u0151s\u00e9geket is megfontolniuk a rugalmass\u00e1g \u00e9rdek\u00e9ben.<\/li>\n<li> A helysz\u00ednen bel\u00fcli sz\u00e9lesebb k\u00f6r\u0171 szolg\u00e1ltat\u00e1sok n\u00f6velhetik vonzerej\u00e9t a sokf\u00e9le l\u00e1togat\u00f3, k\u00f6zt\u00fck a csal\u00e1dok \u00e9s a nagyobb csoportok sz\u00e1m\u00e1ra.<\/li>\n<\/ul>\n<h3> Aj\u00e1nl\u00e1sok potenci\u00e1lis \u00fcgyfeleknek<\/h3>\n<ul>\n<li> N\u00e9zd meg a M\u0103ti\u0219e\u0219ti-re \u00e9s onnan vissza t\u00f6rt\u00e9n\u0151 k\u00f6zleked\u00e9si lehet\u0151s\u00e9geket, \u00e9s tervezd meg a tart\u00f3zkod\u00e1sodat az Feh\u00e9r megyei \u00fatvonalak szerint.<\/li>\n<li> Fontolja meg a kieg\u00e9sz\u00edt\u0151 helyi programokat, p\u00e9ld\u00e1ul a term\u00e9szetben tett tev\u00e9kenys\u00e9geket vagy a region\u00e1lis nevezetess\u00e9gek megl\u00e1togat\u00e1s\u00e1t a kiegyens\u00falyozott \u00fatvonalterv \u00f6ssze\u00e1ll\u00edt\u00e1s\u00e1hoz.<\/li>\n<li> Foglal\u00e1s el\u0151tt elemezd a t\u00f6bbi vend\u00e9g \u00e9rt\u00e9kel\u00e9seit, hogy meg\u00e9rtsd a k\u00e9nyelem \u00e9s a szolg\u00e1ltat\u00e1s \u00e1ltal\u00e1nos trendjeit.<\/li>\n<\/ul>\n<p> A fenti \u00f6sszefoglal\u00f3 r\u00e1vil\u00e1g\u00edt az egyens\u00falyra az autentikus vid\u00e9ki sz\u00e1ll\u00e1s\u00e9lm\u00e9ny \u00edg\u00e9rete \u00e9s a saj\u00e1t k\u00e9nyelem, valamint az akad\u00e1lymentes\u00edt\u00e9s priorit\u00e1sainak felm\u00e9r\u00e9se k\u00f6z\u00f6tt. Egy potenci\u00e1lis \u00fcgyf\u00e9l sz\u00e1m\u00e1ra a sz\u00e1ll\u00e1s kiv\u00e1laszt\u00e1sa f\u00fcgghet a k\u00f6lts\u00e9gvet\u00e9st\u0151l, a mag\u00e1n\u00e9lettel kapcsolatos elv\u00e1r\u00e1sokt\u00f3l \u00e9s a szolg\u00e1ltat\u00e1sok el\u00e9rhet\u0151s\u00e9g\u00e9t\u0151l, de az Alba r\u00e9gi\u00f3 helyi t\u00e1jainak \u00e9s kult\u00far\u00e1j\u00e1nak \u00e9lvezet\u00e9nek lehet\u0151s\u00e9g\u00e9t\u0151l is.<\/p>\n","protected":false},"excerpt":{"rendered":"<p>Krista KBinn M\u0103ti\u0219e\u0219ti-ben, Feh\u00e9r megy\u00e9ben: b\u00e1jos vid\u00e9ki sz\u00e1ll\u00e1shely autentikus hangulattal, sz\u00e1ll\u00e1slehet\u0151s\u00e9gekkel \u00e9s a helyi l\u00e1tnival\u00f3k k\u00f6zels\u00e9g\u00e9vel; ide\u00e1lis egy b\u00e9k\u00e9s kikapcsol\u00f3d\u00e1shoz, felfedez\u00e9si lehet\u0151s\u00e9gekkel Feh\u00e9r megy\u00e9ben<\/p>\n","protected":false},"author":1,"featured_media":0,"template":"","business-categories":[90,199],"business-locations":[14996,1055,14998],"business-countries":[49],"business_franchises":[43800],"class_list":["post-298581","business","type-business","status-publish","hentry","business_category-cazare","business_category-apartament-in-regim-hotelier","business_location-comuna-horea","business_location-judetul-alba","business_location-matisesti","business_country-ro","business_franchises-kristas-kbinn"],"_links":{"self":[{"href":"https:\/\/pensiuneacasamaria.ro\/hu\/wp-json\/wp\/v2\/businesses\/298581","targetHints":{"allow":["GET"]}}],"collection":[{"href":"https:\/\/pensiuneacasamaria.ro\/hu\/wp-json\/wp\/v2\/businesses"}],"about":[{"href":"https:\/\/pensiuneacasamaria.ro\/hu\/wp-json\/wp\/v2\/types\/business"}],"author":[{"embeddable":true,"href":"https:\/\/pensiuneacasamaria.ro\/hu\/wp-json\/wp\/v2\/users\/1"}],"version-history":[{"count":0,"href":"https:\/\/pensiuneacasamaria.ro\/hu\/wp-json\/wp\/v2\/businesses\/298581\/revisions"}],"wp:attachment":[{"href":"https:\/\/pensiuneacasamaria.ro\/hu\/wp-json\/wp\/v2\/media?parent=298581"}],"wp:term":[{"taxonomy":"business_category","embeddable":true,"href":"https:\/\/pensiuneacasamaria.ro\/hu\/wp-json\/wp\/v2\/business-categories?post=298581"},{"taxonomy":"business_location","embeddable":true,"href":"https:\/\/pensiuneacasamaria.ro\/hu\/wp-json\/wp\/v2\/business-locations?post=298581"},{"taxonomy":"business_country","embeddable":true,"href":"https:\/\/pensiuneacasamaria.ro\/hu\/wp-json\/wp\/v2\/business-countries?post=298581"},{"taxonomy":"business_franchises","embeddable":true,"href":"https:\/\/pensiuneacasamaria.ro\/hu\/wp-json\/wp\/v2\/business_franchises?post=298581"}],"curies":[{"name":"wp","href":"https:\/\/api.w.org\/{rel}","templated":true}]}}