{"id":301898,"date":"2026-04-03T05:53:05","date_gmt":"2026-04-03T05:53:05","guid":{"rendered":"https:\/\/pensiuneacasamaria.ro\/hotel\/yla-studio-2\/"},"modified":"2026-04-03T05:53:05","modified_gmt":"2026-04-03T05:53:05","slug":"yla-studio","status":"publish","type":"business","link":"https:\/\/pensiuneacasamaria.ro\/hu\/hotel\/yla-studio\/","title":{"rendered":"YLA St\u00fadi\u00f3"},"content":{"rendered":"<p>Az YLA St\u00fadi\u00f3 egy lehet\u0151s\u00e9gekkel teli turisztikai k\u00f6rnyezetben \u00e9rv\u00e9nyes\u00edti poz\u00edci\u00f3j\u00e1t, \u00e9s a l\u00e1togat\u00f3 \u00e1ltal hagyott \u00f6sszbenyom\u00e1s vegyes, kellemes von\u00e1sokkal a k\u00e9nyelem tekintet\u00e9ben, de a kommunik\u00e1ci\u00f3 \u00e9s a k\u00edn\u00e1lat ter\u00e9n van m\u00e9g mit fejleszteni. Ez a cikk egy potenci\u00e1lis \u00fcgyf\u00e9l pozit\u00edv aspektusait \u00e9s kih\u00edv\u00e1sait elemzi, felhaszn\u00e1lva a kapott inform\u00e1ci\u00f3kat, \u00e9s kieg\u00e9sz\u00edtve azokat a k\u00f6rny\u00e9kbeli l\u00e9tes\u00edtm\u00e9nyekr\u0151l sz\u00f3l\u00f3 nyilv\u00e1nos referenci\u00e1kkal, azzal a c\u00e9llal, hogy seg\u00edtsen a Piatra Neam\u021b-i sz\u00e1ll\u00e1sv\u00e1laszt\u00e1sban.<\/p>\n<p> <strong>Egy pihentet\u0151 o\u00e1zis v\u00e1rosi szellemis\u00e9ge<\/strong> \u2013 a helysz\u00edn ir\u00e1nti els\u0151 meglepet\u00e9st\u0151l a szob\u00e1k r\u00e9szleteiig, az YLA Studio megfelel\u0151 v\u00e1laszt\u00e1ss\u00e1 v\u00e1lik a turist\u00e1k sz\u00e1m\u00e1ra, akik k\u00e9nyelmes mened\u00e9ket keresnek egy csendes k\u00f6rny\u00e9ken, ahonnan k\u00f6nnyen megk\u00f6zel\u00edthet\u0151k a k\u00f6rnyez\u0151 l\u00e1tnival\u00f3k. A fot\u00f3k \u00e9s a nyilv\u00e1nos v\u00e9lem\u00e9nyek t\u00e1gas \u00e9s tiszta szob\u00e1kat sugallnak, amelyek els\u0151 benyom\u00e1st kelthetnek a nyugalomr\u00f3l, ide\u00e1lisak p\u00e1rok vagy kis csal\u00e1dok sz\u00e1m\u00e1ra egy hibrid szabadid\u0151s-munkautaz\u00e1son. A modern k\u00e9nyelemre orient\u00e1lt sz\u00e1ll\u00e1sk\u00edn\u00e1lat kontextus\u00e1ban ez a egys\u00e9g n\u00f6velheti vonzerej\u00e9t azoknak a l\u00e1togat\u00f3knak, akik zavartalan pihen\u00e9sre v\u00e1gynak.<\/p>\n<h2> Pozit\u00edv szempontok<\/h2>\n<ul>\n<li> Csendes helyen tal\u00e1lhat\u00f3, k\u00f6nnyen megk\u00f6zel\u00edthet\u0151ek Piatra Neam\u021b f\u0151bb l\u00e1tnival\u00f3i, \u00edgy a v\u00e1ros k\u00f6nnyen felfedezhet\u0151 kellemes temp\u00f3ban.<\/li>\n<li> T\u00e1gas szob\u00e1k, a k\u00e9nyelmet \u00e9s a mag\u00e1n\u00e9letet sugall\u00f3 r\u00e9szletekkel, a bels\u0151 terek \u00e1ltal\u00e1nos min\u0151s\u00e9g\u00e9t a v\u00e9lem\u00e9nyek is nagyra \u00e9rt\u00e9kelik.<\/li>\n<li> Pozit\u00edv benyom\u00e1sok a tisztas\u00e1gr\u00f3l \u00e9s a szervezetts\u00e9gr\u0151l, ami k\u00e9t alapvet\u0151 krit\u00e9rium a k\u00f6z\u00e9p- \u00e9s fels\u0151kateg\u00f3ri\u00e1s sz\u00e1llodai szegmensben megsz\u00e1ll\u00f3 \u00fcgyfelek sz\u00e1m\u00e1ra.<\/li>\n<li> \u00d6nell\u00e1t\u00f3 \u00e9s pihen\u0151helyis\u00e9geket k\u00edn\u00e1l, p\u00e9ld\u00e1ul a szem\u00e9lyzet k\u00e9nyelm\u00e9t \u00e9s mag\u00e1n\u00e9let\u00e9t szolg\u00e1l\u00f3 k\u00f6z\u00f6s helyis\u00e9geket, amelyek r\u00f6vid vagy k\u00f6z\u00e9pt\u00e1v\u00fa tart\u00f3zkod\u00e1sra alkalmasak.<\/li>\n<\/ul>\n<h2> Igazs\u00e1gok a kih\u00edv\u00e1sokr\u00f3l<\/h2>\n<ul>\n<li> A benne foglalt szolg\u00e1ltat\u00e1sok pontos\u00edt\u00e1s\u00e1nak sz\u00fcks\u00e9gess\u00e9ge: egyes v\u00e9lem\u00e9nyek a szolg\u00e1ltat\u00e1si \u00e9lm\u00e9ny elt\u00e9r\u00e9seire utalhatnak, ami befoly\u00e1solhatja a j\u00f6v\u0151beli \u00fcgyfelek elv\u00e1r\u00e1sait.<\/li>\n<li> A l\u00e9tes\u00edtm\u00e9nyek el\u00e9rhet\u0151s\u00e9ge az \u00e9vszakt\u00f3l vagy a vend\u00e9gek sz\u00e1m\u00e1t\u00f3l f\u00fcgg\u0151en v\u00e1ltozik, ami kellemetlen meglepet\u00e9seket okozhat, ha nem k\u00f6z\u00f6lj\u00fck el\u0151re.<\/li>\n<li> A szem\u00e9lyzettel val\u00f3 interakci\u00f3 \u00e9s a tov\u00e1bbi k\u00e9r\u00e9sekre adott gyorsas\u00e1g befoly\u00e1solhatja a vend\u00e9gek v\u00e9gs\u0151 el\u00e9gedetts\u00e9g\u00e9t, k\u00fcl\u00f6n\u00f6sen azok eset\u00e9ben, akiknek speci\u00e1lis ig\u00e9nyeik vagy az utols\u00f3 pillanatban tett k\u00e9r\u00e9seik vannak.<\/li>\n<\/ul>\n<h3> K\u00fcls\u0151 \u00e9rt\u00e9kel\u00e9sekb\u0151l sz\u00e1rmaz\u00f3 tapasztalatok<\/h3>\n<p> A nyilv\u00e1nos v\u00e9lem\u00e9nyek \u00e1ltal\u00e1noss\u00e1gban kedvez\u0151 v\u00e9lem\u00e9nyt mutatnak a szob\u00e1k k\u00e9nyelm\u00e9r\u0151l, a tisztas\u00e1gr\u00f3l \u00e9s az elhelyezked\u00e9sr\u0151l, \u00e9s megeml\u00edtik, hogy a vend\u00e9gek el\u00e9gedettek az \u00e1r-\u00e9rt\u00e9k ar\u00e1nygal \u00e9s a r\u00e9szletekre val\u00f3 odafigyel\u00e9ssel. Egyes visszajelz\u00e9sek azonban egy\u00e9ni szubjektivit\u00e1st t\u00fckr\u00f6zhetnek a k\u00e9nyelmi preferenci\u00e1kkal vagy a k\u00edn\u00e1lt szolg\u00e1ltat\u00e1sok mennyis\u00e9g\u00e9vel kapcsolatos elv\u00e1r\u00e1sokkal kapcsolatban a fizetett \u00e1rhoz k\u00e9pest. Ugyanakkor a k\u00f6rny\u00e9ken tal\u00e1lhat\u00f3 alternat\u00edv szolg\u00e1ltat\u00e1sok befoly\u00e1solhatj\u00e1k a potenci\u00e1lis \u00fcgyf\u00e9l d\u00f6nt\u00e9s\u00e9t, \u00e9s ezeket a szempontokat \u00e9rdemes gondosan elemezni az utaz\u00e1s tervez\u00e9s\u00e9nek szakasz\u00e1ban.<\/p>\n<h2> \u00d6sszehasonl\u00edt\u00e1s a k\u00f6rny\u00e9kbeli m\u00e1s lehet\u0151s\u00e9gekkel<\/h2>\n<ul>\n<li> Az Apart Hotel Center \u00e9s a Grand Hotel Ceahl\u0103u v\u00e1ltozatos sz\u00e1ll\u00e1slehet\u0151s\u00e9geket k\u00edn\u00e1l Piatra Neam\u021b-ben, a modern k\u00e9nyelemre \u00e9s szabadid\u0151s l\u00e9tes\u00edtm\u00e9nyekre helyezve a hangs\u00falyt, \u00edgy a k\u00f6lts\u00e9gvet\u00e9st\u0151l \u00e9s a k\u00edv\u00e1nt tart\u00f3zkod\u00e1si t\u00edpust\u00f3l f\u00fcgg\u0151en v\u00e1laszthat.<\/li>\n<li> A Grand Hotel Ceahl\u0103u vonz\u00f3 lehet a term\u00e9szetk\u00f6zeli \u00e9lm\u00e9nyeket keres\u0151 turist\u00e1k sz\u00e1m\u00e1ra, m\u00edg a Casa Yla intimebb megold\u00e1sk\u00e9nt pozicion\u00e1lja mag\u00e1t, k\u00f6nny\u0171 hozz\u00e1f\u00e9r\u00e9ssel a t\u00f3hoz \u00e9s a helyi programokhoz vagy v\u00edzi haj\u00f3z\u00e1shoz.<\/li>\n<\/ul>\n<h2> Mire sz\u00e1m\u00edthat potenci\u00e1lis \u00fcgyf\u00e9lk\u00e9nt<\/h2>\n<p> A tart\u00f3zkod\u00e1sukat tervez\u0151 vend\u00e9gek sz\u00e1m\u00e1ra az YLA Studio pihentet\u0151 teret, k\u00f6zepes \u00e9s hosszabb tart\u00f3zkod\u00e1sra egyar\u00e1nt alkalmas t\u00e1gas szob\u00e1kat, valamint takar\u00edt\u00e1si lehet\u0151s\u00e9geket k\u00edn\u00e1l azok sz\u00e1m\u00e1ra, akik ink\u00e1bb saj\u00e1t maguk int\u00e9zik \u00e9tkez\u00e9s\u00fcket. Ha egy v\u00e1rosn\u00e9z\u00e9ssel vagy helyi tal\u00e1lkoz\u00f3kkal teli nap ut\u00e1n k\u00e9nyelmes helyre van sz\u00fcks\u00e9ge a pihen\u00e9shez, ez a lehet\u0151s\u00e9g megfelelhet az ig\u00e9nyeinek, felt\u00e9ve, hogy el\u0151re tiszt\u00e1zza a tart\u00f3zkod\u00e1s\u00e1ba foglalt pontos szolg\u00e1ltat\u00e1sokat.<\/p>\n<h2> Optimaliz\u00e1lt meta le\u00edr\u00e1s<\/h2>\n<p> A Piatra Neam\u021b-i <strong>YLA Studio<\/strong> t\u00e1gas szob\u00e1kat \u00e9s modern k\u00e9nyelmet k\u00edn\u00e1l, \u00edgy megfelel\u0151 v\u00e1laszt\u00e1s a nyugalomra \u00e9s a helyi l\u00e1tnival\u00f3k k\u00f6nny\u0171 megk\u00f6zel\u00edthet\u0151s\u00e9g\u00e9re v\u00e1gy\u00f3 turist\u00e1k sz\u00e1m\u00e1ra, vonz\u00f3 \u00e1r-\u00e9rt\u00e9k ar\u00e1nnyal a <strong>sz\u00e1lloda<\/strong> \u00e9s <strong>a sz\u00e1ll\u00e1s<\/strong> ter\u00fclet\u00e9n.<\/p>\n","protected":false},"excerpt":{"rendered":"<p>A Piatra Neam\u021b-i YLA Studio t\u00e1gas szob\u00e1ival \u00e9s modern k\u00e9nyelm\u00e9vel t\u0171nik ki; v\u00e1lassza ezt a sz\u00e1ll\u00e1st, ha nyugalomra, a helyi l\u00e1tnival\u00f3k k\u00f6nny\u0171 megk\u00f6zel\u00edthet\u0151s\u00e9g\u00e9re \u00e9s vonz\u00f3 \u00e1r-\u00e9rt\u00e9k ar\u00e1nyra v\u00e1gyik a sz\u00e1lloda k\u00f6rny\u00e9k\u00e9n.<\/p>\n","protected":false},"author":1,"featured_media":301851,"template":"","business-categories":[90,199],"business-locations":[44178,384,44180],"business-countries":[49],"business_franchises":[44194],"class_list":["post-301898","business","type-business","status-publish","has-post-thumbnail","hentry","business_category-cazare","business_category-apartament-in-regim-hotelier","business_location-jud","business_location-judetul-neamt","business_location-piatra-neamt","business_country-ro","business_franchises-yla-studio"],"_links":{"self":[{"href":"https:\/\/pensiuneacasamaria.ro\/hu\/wp-json\/wp\/v2\/businesses\/301898","targetHints":{"allow":["GET"]}}],"collection":[{"href":"https:\/\/pensiuneacasamaria.ro\/hu\/wp-json\/wp\/v2\/businesses"}],"about":[{"href":"https:\/\/pensiuneacasamaria.ro\/hu\/wp-json\/wp\/v2\/types\/business"}],"author":[{"embeddable":true,"href":"https:\/\/pensiuneacasamaria.ro\/hu\/wp-json\/wp\/v2\/users\/1"}],"version-history":[{"count":0,"href":"https:\/\/pensiuneacasamaria.ro\/hu\/wp-json\/wp\/v2\/businesses\/301898\/revisions"}],"wp:featuredmedia":[{"embeddable":true,"href":"https:\/\/pensiuneacasamaria.ro\/hu\/wp-json\/wp\/v2\/media\/301851"}],"wp:attachment":[{"href":"https:\/\/pensiuneacasamaria.ro\/hu\/wp-json\/wp\/v2\/media?parent=301898"}],"wp:term":[{"taxonomy":"business_category","embeddable":true,"href":"https:\/\/pensiuneacasamaria.ro\/hu\/wp-json\/wp\/v2\/business-categories?post=301898"},{"taxonomy":"business_location","embeddable":true,"href":"https:\/\/pensiuneacasamaria.ro\/hu\/wp-json\/wp\/v2\/business-locations?post=301898"},{"taxonomy":"business_country","embeddable":true,"href":"https:\/\/pensiuneacasamaria.ro\/hu\/wp-json\/wp\/v2\/business-countries?post=301898"},{"taxonomy":"business_franchises","embeddable":true,"href":"https:\/\/pensiuneacasamaria.ro\/hu\/wp-json\/wp\/v2\/business_franchises?post=301898"}],"curies":[{"name":"wp","href":"https:\/\/api.w.org\/{rel}","templated":true}]}}