{"id":303996,"date":"2026-04-03T06:01:35","date_gmt":"2026-04-03T06:01:35","guid":{"rendered":"https:\/\/pensiuneacasamaria.ro\/hotel\/via-apartman\/"},"modified":"2026-04-03T06:01:35","modified_gmt":"2026-04-03T06:01:35","slug":"apartament-via","status":"publish","type":"business","link":"https:\/\/pensiuneacasamaria.ro\/hu\/hotel\/apartament-via\/","title":{"rendered":"VIA apartman"},"content":{"rendered":"<p>Egy apartman t\u00edpus\u00fa sz\u00e1ll\u00e1slehet\u0151s\u00e9ghez <strong>tartozik<\/strong> nyaral\u00e1shoz vagy r\u00f6vid tart\u00f3zkod\u00e1shoz F\u00e9lixf\u00fcrd\u0151n, egy\u00e9rtelm\u0171 k\u00e9pet adva arr\u00f3l, hogy mit k\u00edn\u00e1l az Apartament VIA. Ez egy hasznos felszerelts\u00e9ggel rendelkez\u0151 hely, ide\u00e1lis p\u00e1rok vagy csal\u00e1dok sz\u00e1m\u00e1ra, akik \u00e1tmeneti otthon k\u00e9nyelm\u00e9t keresik.<\/p>\n<p> A sz\u00e1ll\u00e1shely F\u00e9lixf\u00fcrd\u0151n (B\u0103ile Felix) tal\u00e1lhat\u00f3, a Cord\u0103u utca 1. sz\u00e1m alatt, Bihar megye gy\u00f3gyvizeir\u0151l ismert ter\u00fclet\u00e9n. A rendelkez\u00e9sre \u00e1ll\u00f3 adatok alapj\u00e1n a lak\u00e1st olyan vend\u00e9gek sz\u00e1m\u00e1ra tervezt\u00e9k, akik tart\u00f3zkod\u00e1suk alatt \u00f6n\u00e1ll\u00f3s\u00e1gra v\u00e1gynak, \u00e9s minden sz\u00fcks\u00e9ges felszerel\u00e9st megtal\u00e1lnak a k\u00e9nyelmes tart\u00f3zkod\u00e1shoz. Rugalmas <strong>sz\u00e1ll\u00e1saj\u00e1nlat<\/strong> eset\u00e9n a hely alkalmas lehet egy pihentet\u0151 h\u00e9tv\u00e9g\u00e9re \u00e9s egy hosszabb tart\u00f3zkod\u00e1sra is, ahol a vend\u00e9gek haszn\u00e1lhatj\u00e1k a m\u0171k\u00f6d\u0151 konyh\u00e1t, a l\u00e9gkondicion\u00e1l\u00f3t \u00e9s az alapvet\u0151 higi\u00e9niai \u00e9s k\u00e9nyelmi felszerel\u00e9seket.<\/p>\n<p> A t\u00e9r <strong>el\u0151nyei<\/strong> k\u00f6z\u00e9 tartozik a megk\u00f6zel\u00edthet\u0151s\u00e9ge \u00e9s a gy\u00f3gyf\u00fcrd\u0151n bel\u00fcli elhelyezked\u00e9se, valamint egy modern apartman k\u00e9pe, a sz\u00e1mos fot\u00f3 vil\u00e1gos \u00e9s j\u00f3l kihaszn\u00e1lt t\u00e9rre utal. A k\u00fcl\u00f6nb\u00f6z\u0151 sz\u00f6gekb\u0151l \u00e9s m\u00e9retekben k\u00e9sz\u00fclt fot\u00f3k jelenl\u00e9te a szob\u00e1k vagy az \u00f6sszenyithat\u00f3 szob\u00e1k lehet\u0151s\u00e9g\u00e9t is jelzi, amelyek a k\u00fcl\u00f6nb\u00f6z\u0151 vend\u00e9gig\u00e9nyeknek megfelelnek.<\/p>\n<p> <strong>\u00c9rdemes figyelembe<\/strong> venni a hirdet\u00e9s egy\u00e9rtelm\u0171s\u00e9g\u00e9t a pontos felszerelts\u00e9ggel kapcsolatban, mint p\u00e9ld\u00e1ul az \u00e1gy t\u00edpusa, a nappali m\u00e9rete \u00e9s a parkol\u00e1si adatok, amelyek b\u00e1r szerepelnek a le\u00edr\u00e1sban, k\u00f6zvetlen meger\u0151s\u00edt\u00e9st ig\u00e9nyelhetnek a f\u00e9lre\u00e9rt\u00e9sek elker\u00fcl\u00e9se \u00e9rdek\u00e9ben. A hirdet\u00e9sben felt\u00fcntetett telefonsz\u00e1m a rendelkez\u00e9sre \u00e1ll\u00e1s szintj\u00e9t jelzi, de aj\u00e1nlott el\u0151re \u00e9rdekl\u0151dni a bejelentkez\u00e9s el\u00e9rhet\u0151s\u00e9g\u00e9r\u0151l \u00e9s az esetleges tov\u00e1bbi d\u00edjakr\u00f3l.<\/p>\n<p> A B\u0103ile Felixr\u0151l sz\u00f3l\u00f3 m\u00e1s l\u00e1togat\u00f3k tapasztalatai, amint azt a k\u00f6rny\u00e9kbeli m\u00e1s int\u00e9zm\u00e9nyekr\u0151l sz\u00f3l\u00f3 v\u00e9lem\u00e9nyek is mutatj\u00e1k, kiemelik a csendes k\u00f6rny\u00e9ket \u00e9s a helyi l\u00e1tnival\u00f3k, p\u00e9ld\u00e1ul a gy\u00f3gyt\u00f3 \u00e9s a gy\u00f3gyf\u00fcrd\u0151i kezel\u00e9sek k\u00f6nny\u0171 megk\u00f6zel\u00edthet\u0151s\u00e9g\u00e9t, ami n\u00f6velheti a gy\u00f3gy\u00e1szati vagy pihentet\u0151 <strong>sz\u00e1llodai<\/strong> tart\u00f3zkod\u00e1s vonzerej\u00e9t ezen a helyen. Ezenk\u00edv\u00fcl a k\u00f6rny\u00e9kbeli sz\u00e1ll\u00e1sok min\u0151s\u00e9g\u00e9r\u0151l sz\u00f3l\u00f3 \u00e1ltal\u00e1nos visszajelz\u00e9sek is vegyesek, aj\u00e1nl\u00e1sokat fogalmaznak meg a tisztas\u00e1g, a berendez\u00e9s vagy a pihen\u0151helyis\u00e9g fejleszt\u00e9s\u00e9re, ami hasznos szempont a j\u00f6v\u0151beli vend\u00e9gek sz\u00e1m\u00e1ra, akik \u00e9rt\u00e9kelik az \u00e1r-\u00e9rt\u00e9k ar\u00e1nyt.<\/p>\n<h2> A foglal\u00e1si d\u00f6nt\u00e9sre gyakorolt hat\u00e1s<\/h2>\n<p> A Baile Felixben <strong>apartmansz\u00e1llodai<\/strong> \u00e9lm\u00e9nyt keres\u0151k sz\u00e1m\u00e1ra <strong>az Apartament VIA<\/strong> k\u00e9nyelmes v\u00e1laszt\u00e1s lehet az \u00f6nell\u00e1t\u00e1shoz a tart\u00f3zkod\u00e1suk alatt, felt\u00e9ve, hogy a szolg\u00e1ltat\u00e1sok pontos r\u00e9szleteit meger\u0151s\u00edtik \u00e9s \u00f6sszehasonl\u00edtj\u00e1k a k\u00f6rny\u00e9k hasonl\u00f3 aj\u00e1nlataival. Azok a vend\u00e9gek, akik egy meghitt, konyh\u00e1val rendelkez\u0151 lak\u00e1st keresnek, praktikus megold\u00e1snak tal\u00e1lhatj\u00e1k ezt az aj\u00e1nlatot, ha rugalmass\u00e1gra v\u00e1gynak az \u00e9tkez\u00e9sekben \u00e9s az id\u0151beoszt\u00e1sban.<\/p>\n<p> V\u00e9gs\u0151 soron a v\u00e1laszt\u00e1s az egyes turist\u00e1k priorit\u00e1sai szerint \u00e1tstruktur\u00e1lhat\u00f3: ha a priorit\u00e1s egy \u00f6nell\u00e1t\u00f3 hely alapvet\u0151 szolg\u00e1ltat\u00e1sokkal, <strong>az Apartament VIA<\/strong> v\u00e1laszolhat, m\u00edg azok, akik magasabb szint\u0171 luxust vagy kieg\u00e9sz\u00edt\u0151 szolg\u00e1ltat\u00e1sokat (recepci\u00f3, szobaszerviz, napi takar\u00edt\u00e1s) \u00e9rt\u00e9kelnek, m\u00e1s lehet\u0151s\u00e9geket is felfedezhetnek a k\u00f6rny\u00e9ken, hogy minden elv\u00e1r\u00e1suk teljes\u00fclj\u00f6n.<\/p>\n","protected":false},"excerpt":{"rendered":"<p>Fedezze fel az Apartament VIA apartmant F\u00e9lixf\u00fcrd\u0151n; apartman sz\u00e1ll\u00e1s hasznos felszerelts\u00e9ggel, wellnessk\u00f6zponttal, rugalmas lehet\u0151s\u00e9gekkel, aj\u00e1nl\u00e1sokkal a k\u00e9nyelmes txu-i \u00e9lm\u00e9nyhez<\/p>\n","protected":false},"author":1,"featured_media":303943,"template":"","business-categories":[90,199],"business-locations":[5875,5861,1338],"business-countries":[49],"business_franchises":[44420],"class_list":["post-303996","business","type-business","status-publish","has-post-thumbnail","hentry","business_category-cazare","business_category-apartament-in-regim-hotelier","business_location-baile-felix","business_location-comuna-sanmartin","business_location-judetul-bihor","business_country-ro","business_franchises-apartament-via"],"_links":{"self":[{"href":"https:\/\/pensiuneacasamaria.ro\/hu\/wp-json\/wp\/v2\/businesses\/303996","targetHints":{"allow":["GET"]}}],"collection":[{"href":"https:\/\/pensiuneacasamaria.ro\/hu\/wp-json\/wp\/v2\/businesses"}],"about":[{"href":"https:\/\/pensiuneacasamaria.ro\/hu\/wp-json\/wp\/v2\/types\/business"}],"author":[{"embeddable":true,"href":"https:\/\/pensiuneacasamaria.ro\/hu\/wp-json\/wp\/v2\/users\/1"}],"version-history":[{"count":0,"href":"https:\/\/pensiuneacasamaria.ro\/hu\/wp-json\/wp\/v2\/businesses\/303996\/revisions"}],"wp:featuredmedia":[{"embeddable":true,"href":"https:\/\/pensiuneacasamaria.ro\/hu\/wp-json\/wp\/v2\/media\/303943"}],"wp:attachment":[{"href":"https:\/\/pensiuneacasamaria.ro\/hu\/wp-json\/wp\/v2\/media?parent=303996"}],"wp:term":[{"taxonomy":"business_category","embeddable":true,"href":"https:\/\/pensiuneacasamaria.ro\/hu\/wp-json\/wp\/v2\/business-categories?post=303996"},{"taxonomy":"business_location","embeddable":true,"href":"https:\/\/pensiuneacasamaria.ro\/hu\/wp-json\/wp\/v2\/business-locations?post=303996"},{"taxonomy":"business_country","embeddable":true,"href":"https:\/\/pensiuneacasamaria.ro\/hu\/wp-json\/wp\/v2\/business-countries?post=303996"},{"taxonomy":"business_franchises","embeddable":true,"href":"https:\/\/pensiuneacasamaria.ro\/hu\/wp-json\/wp\/v2\/business_franchises?post=303996"}],"curies":[{"name":"wp","href":"https:\/\/api.w.org\/{rel}","templated":true}]}}