{"id":307526,"date":"2026-04-03T06:16:28","date_gmt":"2026-04-03T06:16:28","guid":{"rendered":"https:\/\/pensiuneacasamaria.ro\/hotel\/mon-reve-haz\/"},"modified":"2026-04-03T06:16:28","modified_gmt":"2026-04-03T06:16:28","slug":"casa-mon-reve","status":"publish","type":"business","link":"https:\/\/pensiuneacasamaria.ro\/hu\/hotel\/casa-mon-reve\/","title":{"rendered":"Mon Reve-h\u00e1z"},"content":{"rendered":"<p>A Casa Mon Reve egy vend\u00e9gh\u00e1z, amely a Strada Iancu Gontea 136. sz\u00e1m alatt tal\u00e1lhat\u00f3, Brass\u00f3 megy\u00e9ben, Rom\u00e1ni\u00e1ban. T\u00e1gas szob\u00e1kkal, modern felszerelts\u00e9ggel \u00e9s pozit\u00edv h\u00edrn\u00e9vvel rendelkezik a Bran k\u00f6rny\u00e9k\u00e9t term\u00e9szetj\u00e1r\u00e1sra \u00e9s hegyi parkokba l\u00e1togat\u00f3k k\u00f6r\u00e9ben. A k\u00f6vetkez\u0151 tartalom \u00f6sszefoglalja az el\u0151ny\u00f6ket \u00e9s h\u00e1tr\u00e1nyokat, a nyilv\u00e1nos v\u00e9lem\u00e9nyekb\u0151l kivonva, hogy megk\u00f6nny\u00edtse a potenci\u00e1lis vend\u00e9gek sz\u00e1m\u00e1ra a sz\u00e1ll\u00e1ssal \u00e9s a kapcsol\u00f3d\u00f3 szolg\u00e1ltat\u00e1sokkal kapcsolatos megalapozott d\u00f6nt\u00e9s meghozatal\u00e1t.<\/p>\n<h2> Mire sz\u00e1m\u00edthat<\/h2>\n<ul>\n<li> K\u00e9nyelmes \u00e9s meghitt l\u00e9gk\u00f6r, vil\u00e1gos, t\u00e1gas szob\u00e1kkal, amelyek a turist\u00e1k mindennapi k\u00e9nyelm\u00e9t szolg\u00e1lj\u00e1k.<\/li>\n<li> A reggeli benne van az \u00e1rban, k\u00e1v\u00e9 \u00e9s tea a h\u00e1zigazd\u00e1k bel\u00e1t\u00e1sa szerint k\u00e9rhet\u0151, ami hozz\u00e1j\u00e1rul a nap optim\u00e1lis kezd\u00e9s\u00e9hez Bran k\u00f6rny\u00e9k\u00e9nek felfedez\u00e9s\u00e9vel.<\/li>\n<li> Bar\u00e1ts\u00e1gos, apr\u00f3l\u00e9kos gondoss\u00e1ggal berendezett h\u00e1ztart\u00e1s: j\u00f3l felszerelt konyha, felszerelt k\u00f6z\u00f6s helyis\u00e9gek, f\u0151z\u00e9si vagy \u00e9tkez\u00e9si lehet\u0151s\u00e9g a vend\u00e9gh\u00e1zban.<\/li>\n<\/ul>\n<h2> F\u0151bb pozit\u00edv aspektusok<\/h2>\n<ul>\n<li> <strong>Tisztas\u00e1g \u00e9s k\u00e9nyelem<\/strong> : a felhaszn\u00e1l\u00f3i v\u00e9lem\u00e9nyek kiemelik a magas higi\u00e9niai sz\u00ednvonalat, a tiszta \u00e1gynem\u0171t, valamint a t\u00e1gas \u00e9s k\u00e9nyelmes szob\u00e1kat.<\/li>\n<li> <strong>Vend\u00e9gszeretet<\/strong> : a vend\u00e9gek \u00e9rt\u00e9kelik a h\u00e1zigazd\u00e1k el\u00e9rhet\u0151s\u00e9g\u00e9t \u00e9s figyelm\u00e9t, akik a vend\u00e9gek k\u00e9nyelm\u00e9t \u00e9s el\u00e9gedetts\u00e9g\u00e9t helyezik el\u0151t\u00e9rbe.<\/li>\n<li> <strong>Strat\u00e9giai elhelyezked\u00e9s a kikapcsol\u00f3d\u00e1shoz<\/strong> : a t\u00f6rcsv\u00e1ri turisztikai l\u00e1tv\u00e1nyoss\u00e1gok, p\u00e9ld\u00e1ul templomok, m\u00fazeumok \u00e9s hegyi \u00f6sv\u00e9nyek k\u00f6zels\u00e9ge vonz\u00f3 pontot jelent a term\u00e9szet \u00e9s a helyt\u00f6rt\u00e9net ir\u00e1nt \u00e9rdekl\u0151d\u0151 turist\u00e1k sz\u00e1m\u00e1ra.<\/li>\n<\/ul>\n<h2> Negat\u00edv szempontok \u00e9s korl\u00e1tok<\/h2>\n<ul>\n<li> Figyelemre m\u00e9lt\u00f3 negat\u00edv megjegyz\u00e9s a kommunik\u00e1ci\u00f3val \u00e9s a v\u00e1ratlan helyzetek kezel\u00e9s\u00e9vel kapcsolatban, kiemelve a szem\u00e9lyzet egy\u00e9rtelm\u0171 felk\u00e9sz\u00fcl\u00e9s\u00e9nek fontoss\u00e1g\u00e1t k\u00e9s\u00e9sek vagy egy\u00e9b incidensek eset\u00e9n.<\/li>\n<li> N\u00e9h\u00e1ny \u00e9rt\u00e9kel\u00e9s eml\u00edt\u00e9st tesz a kev\u00e9sb\u00e9 kiterjedt infrastrukt\u00fara lehet\u0151s\u00e9g\u00e9r\u0151l az udvar vagy a k\u00fclt\u00e9ri terek tekintet\u00e9ben, \u00f6sszehasonl\u00edtva az ugyanazon a ter\u00fcleten tal\u00e1lhat\u00f3 m\u00e1s aj\u00e1nlatokkal.<\/li>\n<li> Nem minden el\u00e9rhet\u0151 \u00e9rt\u00e9kel\u00e9s t\u00fckr\u00f6zi teljes m\u00e9rt\u00e9kben az egy\u00e9ni tapasztalatokat; a vend\u00e9gek k\u00f6z\u00f6tt elt\u00e9r\u00e9sek lehetnek az id\u0151szakt\u00f3l, a l\u00e9tsz\u00e1mt\u00f3l vagy a szem\u00e9lyes elv\u00e1r\u00e1sokt\u00f3l f\u00fcgg\u0151en.<\/li>\n<\/ul>\n<h2> Szolg\u00e1ltat\u00e1sok \u00e9s l\u00e9tes\u00edtm\u00e9nyek<\/h2>\n<ul>\n<li> Modern felszerelts\u00e9ggel rendelkez\u0151 szob\u00e1k, felszerelt konyha \u00e9s bar\u00e1ts\u00e1gos k\u00f6z\u00f6s terek.<\/li>\n<li> A reggeli benne van a sz\u00e1ll\u00e1s \u00e1r\u00e1ban, az italok v\u00e1laszt\u00e9ka pedig v\u00e1laszthat\u00f3, \u00edgy hozz\u00e1j\u00e1rulva a tart\u00f3zkod\u00e1s k\u00e9nyelm\u00e9hez.<\/li>\n<li> K\u00f6nny\u0171 hozz\u00e1f\u00e9r\u00e9s Bran \u00e9s k\u00f6rny\u00e9ke helyi l\u00e1tnival\u00f3ihoz, t\u00far\u00e1z\u00e1si, t\u00f6rt\u00e9nelmi helysz\u00ednek l\u00e1togat\u00e1si \u00e9s term\u00e9szetk\u00f6zeli programlehet\u0151s\u00e9geket k\u00edn\u00e1lva.<\/li>\n<\/ul>\n<h3> Val\u00f3di vend\u00e9g\u00e9lm\u00e9nyek<\/h3>\n<ul>\n<li> A pozit\u00edv v\u00e9lem\u00e9nyek t\u00e1gas szob\u00e1kat, k\u00e9nyelmes \u00e1gyakat \u00e9s meleg hangulatot \u00edrnak le, olyan r\u00e9szletekre is kit\u00e9rve, mint a tiszta \u00e1gynem\u0171 \u00e9s a j\u00f3l karbantartott piperecikkek.<\/li>\n<li> Sok turista eml\u00edti, hogy csal\u00e1dias \u00e9lm\u00e9nyben volt r\u00e9sz\u00fck, nyitottak voltak a h\u00e1zigazd\u00e1k, \u00e9s megjegyezt\u00e9k, hogyan \u00e9rezz\u00e9k magukat otthon a nyaral\u00e1s alatt.<\/li>\n<li> Vannak kev\u00e9sb\u00e9 boldog \u00e9lm\u00e9nyekr\u0151l sz\u00f3l\u00f3 besz\u00e1mol\u00f3k is, ami r\u00e1vil\u00e1g\u00edt a vil\u00e1gos kommunik\u00e1ci\u00f3 \u00e9s az \u00edg\u00e9retek k\u00f6vetkezetes betart\u00e1s\u00e1nak sz\u00fcks\u00e9gess\u00e9g\u00e9re.<\/li>\n<\/ul>\n<h2> A t\u00e1j\u00e9kozott d\u00f6nt\u00e9s metaadatai<\/h2>\n<ul>\n<li> A sz\u00e1ll\u00e1shelyek k\u00e9peivel ell\u00e1tott fot\u00f3gal\u00e9ria megl\u00e9te, hogy vil\u00e1gos k\u00e9pet kapjunk a szob\u00e1k m\u00e9ret\u00e9r\u0151l, a b\u00fatorokr\u00f3l \u00e9s a felszerelts\u00e9gr\u0151l.<\/li>\n<li> A helyi felhaszn\u00e1l\u00f3i \u00e9rt\u00e9kel\u00e9sek sz\u00e9lesk\u00f6r\u0171 el\u00e9gedetts\u00e9get mutatnak, eml\u00edt\u00e9st t\u00e9ve az \u00e1r-\u00e9rt\u00e9k ar\u00e1nyr\u00f3l \u00e9s a vend\u00e9gh\u00e1z \u00e1ltal k\u00edn\u00e1lt szolg\u00e1ltat\u00e1sokr\u00f3l.<\/li>\n<li> Fontos, hogy rendszeresen ellen\u0151rizd a friss \u00e9rt\u00e9kel\u00e9seket, hogy felm\u00e9rd, vajon a tisztas\u00e1g \u00e9s a vend\u00e9gl\u00e1t\u00e1s sz\u00ednvonala v\u00e1ltozatlan-e l\u00e1togat\u00e1sod id\u0151pontj\u00e1ban.<\/li>\n<\/ul>\n<h2> Aj\u00e1nl\u00e1sok a potenci\u00e1lis vend\u00e9geknek<\/h2>\n<ul>\n<li> Brass\u00f3, T\u00f6rcsv\u00e1r vagy k\u00f6rny\u00e9kbeli tart\u00f3zkod\u00e1s eset\u00e9n a Casa Mon Reve j\u00f3 v\u00e1laszt\u00e1s lehet azok sz\u00e1m\u00e1ra, akik k\u00e9nyelmet, mag\u00e1n\u00e9letet \u00e9s igazi vend\u00e9gszeretetet keresnek egy b\u00e9k\u00e9s k\u00f6rnyezetben.<\/li>\n<li> Javasoljuk, hogy el\u0151re er\u0151s\u00edtse meg a h\u00e1zigazd\u00e1k szab\u00e1lyzat\u00e1t a k\u00e9s\u0151i \u00e9rkez\u00e9ssel, a konyha haszn\u00e1lat\u00e1val, valamint a reggeli lehet\u0151s\u00e9gekkel kapcsolatban, ha speci\u00e1lis \u00e9trendje van, vagy utaz\u00e1si \u00fctemtervet kell figyelembe vennie a tart\u00f3zkod\u00e1sa alatt.<\/li>\n<li> A szolg\u00e1ltat\u00e1sok \u00e9s \u00e9lm\u00e9nyek teljes k\u00f6r\u0171 megismer\u00e9s\u00e9hez tekintse meg a legfrissebb vend\u00e9g\u00e9rt\u00e9kel\u00e9seket, \u00e9s ellen\u0151rizze a k\u00edv\u00e1nt tart\u00f3zkod\u00e1si id\u0151szakra vonatkoz\u00f3 szabad szob\u00e1kat.<\/li>\n<\/ul>\n<p> \u00d6sszefoglalva, a Casa Mon Reve vonz\u00f3 v\u00e1laszt\u00e1s azoknak a turist\u00e1knak, akik k\u00e9nyelmes, tiszta \u00e9s bar\u00e1ts\u00e1gos helyet keresnek csal\u00e1dias mikrokl\u00edm\u00e1val, mik\u00f6zben el\u0151fordulhatnak olyan elszigetelt helyzetek, amelyek a szem\u00e9lyzet vil\u00e1gos kommunik\u00e1ci\u00f3j\u00e1val \u00e9s k\u00e9pz\u00e9s\u00e9vel megoldhat\u00f3k.<\/p>\n","protected":false},"excerpt":{"rendered":"<p>A brass\u00f3i (\u0218imon) Casa Mon Reve t\u00e1gas szob\u00e1kat, reggelit \u00e9s bar\u00e1ts\u00e1gos l\u00e9gk\u00f6rt k\u00edn\u00e1l, pozit\u00edv \u00e9rt\u00e9kel\u00e9sekkel a tisztas\u00e1gr\u00f3l \u00e9s a vend\u00e9gszeretetr\u0151l; tudjon meg t\u00f6bbet a jelenlegi l\u00e9tes\u00edtm\u00e9nyekr\u0151l \u00e9s \u00e9lm\u00e9nyekr\u0151l.<\/p>\n","protected":false},"author":1,"featured_media":307473,"template":"","business-categories":[90,91],"business-locations":[4391,949,4406],"business-countries":[49],"business_franchises":[44913],"class_list":["post-307526","business","type-business","status-publish","has-post-thumbnail","hentry","business_category-cazare","business_category-hotel","business_location-comuna-bran","business_location-judetul-brasov","business_location-simon","business_country-ro","business_franchises-casa-mon-reve"],"_links":{"self":[{"href":"https:\/\/pensiuneacasamaria.ro\/hu\/wp-json\/wp\/v2\/businesses\/307526","targetHints":{"allow":["GET"]}}],"collection":[{"href":"https:\/\/pensiuneacasamaria.ro\/hu\/wp-json\/wp\/v2\/businesses"}],"about":[{"href":"https:\/\/pensiuneacasamaria.ro\/hu\/wp-json\/wp\/v2\/types\/business"}],"author":[{"embeddable":true,"href":"https:\/\/pensiuneacasamaria.ro\/hu\/wp-json\/wp\/v2\/users\/1"}],"version-history":[{"count":0,"href":"https:\/\/pensiuneacasamaria.ro\/hu\/wp-json\/wp\/v2\/businesses\/307526\/revisions"}],"wp:featuredmedia":[{"embeddable":true,"href":"https:\/\/pensiuneacasamaria.ro\/hu\/wp-json\/wp\/v2\/media\/307473"}],"wp:attachment":[{"href":"https:\/\/pensiuneacasamaria.ro\/hu\/wp-json\/wp\/v2\/media?parent=307526"}],"wp:term":[{"taxonomy":"business_category","embeddable":true,"href":"https:\/\/pensiuneacasamaria.ro\/hu\/wp-json\/wp\/v2\/business-categories?post=307526"},{"taxonomy":"business_location","embeddable":true,"href":"https:\/\/pensiuneacasamaria.ro\/hu\/wp-json\/wp\/v2\/business-locations?post=307526"},{"taxonomy":"business_country","embeddable":true,"href":"https:\/\/pensiuneacasamaria.ro\/hu\/wp-json\/wp\/v2\/business-countries?post=307526"},{"taxonomy":"business_franchises","embeddable":true,"href":"https:\/\/pensiuneacasamaria.ro\/hu\/wp-json\/wp\/v2\/business_franchises?post=307526"}],"curies":[{"name":"wp","href":"https:\/\/api.w.org\/{rel}","templated":true}]}}